{"id":116,"date":"2013-11-13T08:46:26","date_gmt":"2013-11-13T07:46:26","guid":{"rendered":"http:\/\/www.lapetiteloiterie.fr\/lpl\/?page_id=116"},"modified":"2025-10-22T19:09:23","modified_gmt":"2025-10-22T17:09:23","slug":"tarifs","status":"publish","type":"page","link":"https:\/\/www.lapetiteloiterie.fr\/lpl\/tarifs\/","title":{"rendered":"Tarifs"},"content":{"rendered":"<p>L&rsquo;arboretum est ouvert pour des visites guid\u00e9es et des animations au moins une fois par mois (voir notre <a title=\"Agenda\" href=\"http:\/\/www.lapetiteloiterie.fr\/lpl\/agenda\/\">agenda<\/a>)<br \/>\nIl est \u00e9galement ouvert sur <a title=\"Contacts\" href=\"http:\/\/www.lapetiteloiterie.fr\/lpl\/contacts\/\">rendez-vous<\/a> pour des groupes, et des scolaires.<\/p>\n<p>Il ne re\u00e7oit pas de public pour des visites libres.<br \/>\n<em>NB : les tarifs des formations sont indiqu\u00e9s dans leur fiche p\u00e9dagogique<\/em><\/p>\n<div id=\"tarifs\">\n<table class=\"tarif_indi\">\n<caption>Tarifs individuels <em>(uniquement pour les animations et visites annonc\u00e9es dans l&rsquo;agenda)<\/em><br \/>\n<i class=\"smaller\">R\u00e9vision au 1<sup>er<\/sup> janvier 2023 (pr\u00e9c\u00e9dente augmentation en janvier 2015)<\/i>.<\/caption>\n<colgroup>\n<col class=\"col1\" \/>\n<col class=\"col2\" \/>\n<col class=\"col3\" \/>\n<col class=\"col4\" \/> <\/colgroup>\n<thead>\n<tr>\n<th><\/th>\n<th scope=\"col\">visites <span>(2h)<\/span><\/th>\n<th scope=\"col\">animations <span>(3h)<\/span><\/th>\n<th scope=\"col\">animations \u00ab\u00a0mares\u00a0\u00bb <span>(2h)<\/span><\/th>\n<\/tr>\n<\/thead>\n<tbody>\n<tr>\n<th scope=\"row\">tarif normal<\/th>\n<td>10\u00a0\u20ac<\/td>\n<td>13\u00a0\u20ac<\/td>\n<td>10\u00a0\u20ac<\/td>\n<\/tr>\n<tr>\n<th scope=\"row\">tarif r\u00e9duit<\/th>\n<td>8,50\u00a0\u20ac<\/td>\n<td>10\u00a0\u20ac<\/td>\n<td>8,50\u00a0\u20ac<\/td>\n<\/tr>\n<tr>\n<th scope=\"row\">moins de 12 ans<\/th>\n<td>gratuit<\/td>\n<td>gratuit<\/td>\n<td>6\u00a0\u20ac<\/td>\n<\/tr>\n<\/tbody>\n<\/table>\n<p>Tarif r\u00e9duit pour\u00a0: scolaires, \u00e9tudiants, demandeurs d&#8217;emploi, b\u00e9n\u00e9ficiaires des minima sociaux, groupe \u00e0 partir de 10 adultes.<br \/>\n<strong>Nous ne prenons pas les cartes bancaires, merci de pr\u00e9voir ch\u00e8que ou liquide\u00a0!<\/strong><\/p>\n<table class=\"tarif_gr\">\n<caption>Tarifs de groupes (animations, visites) sur rendez-vous<br \/>\n<i class=\"smaller\">R\u00e9vision au 1<sup>er<\/sup> janvier 2026<\/i><\/caption>\n<colgroup>\n<col class=\"col1\" \/>\n<col class=\"col3\" \/>\n<col class=\"col4\" \/> <\/colgroup>\n<thead>\n<tr>\n<th><\/th>\n<th scope=\"col\">1\/2 journ\u00e9e<\/th>\n<th scope=\"col\">1 journ\u00e9e<\/th>\n<\/tr>\n<\/thead>\n<tbody>\n<tr>\n<th scope=\"row\">jusqu&rsquo;\u00e0 16 personnes\u00a0: forfait<\/th>\n<td>376\u00a0\u20ac<\/td>\n<td>624\u00a0\u20ac<\/td>\n<\/tr>\n<tr>\n<th scope=\"row\">par personne, au-del\u00e0 de 16<\/th>\n<td>23,50\u00a0\u20ac<\/td>\n<td>39\u00a0\u20ac<\/td>\n<\/tr>\n<\/tbody>\n<\/table>\n<ul>\n<li>Les groupes sont compos\u00e9s de 16 \u00e0 35 personnes maximum. Au-del\u00e0, <a href=\"http:\/\/www.lapetiteloiterie.fr\/lpl\/contacts\/\">nous consulter<\/a>.<\/li>\n<li>Pour un groupe de moins de 16 personnes, le forfait est appliqu\u00e9.<\/li>\n<li>Pour les <a title=\"Formations\" href=\"http:\/\/www.lapetiteloiterie.fr\/lpl\/activites\/formations\/\">formations<\/a>, le tarif peut varier l\u00e9g\u00e8rement selon le sujet (<a title=\"Contacts\" href=\"http:\/\/www.lapetiteloiterie.fr\/lpl\/contacts\/\">nous consulter<\/a>).<\/li>\n<li>Un accompagnant gratuit pour 16 personnes.<\/li>\n<\/ul>\n<table class=\"tarif_scol\">\n<caption>Tarifs scolaires (animations, visites) sur rendez-vous<br \/>\n<i class=\"smaller\">R\u00e9vision au 1<sup>er<\/sup> janvier 2026<\/i><\/caption>\n<colgroup>\n<col class=\"col1\" \/>\n<col class=\"col3\" \/>\n<col class=\"col4\" \/> <\/colgroup>\n<thead>\n<tr>\n<th><\/th>\n<th scope=\"col\">1\/2 journ\u00e9e<\/th>\n<th scope=\"col\">1 journ\u00e9e<\/th>\n<\/tr>\n<\/thead>\n<tbody>\n<tr>\n<th scope=\"row\">primaires<\/th>\n<td>306\u00a0\u20ac<\/td>\n<td>490\u00a0\u20ac<\/td>\n<\/tr>\n<tr>\n<th scope=\"row\">coll\u00e8ges<\/th>\n<td>398\u00a0\u20ac<\/td>\n<td>660\u00a0\u20ac<\/td>\n<\/tr>\n<\/tbody>\n<\/table>\n<ul>\n<li>Ces tarifs sont valables pour des classes de 20 \u00e0 25 \u00e9l\u00e8ves maximum. En de\u00e7\u00e0 ou au-del\u00e0, <a href=\"http:\/\/www.lapetiteloiterie.fr\/lpl\/contacts\/\">nous consulter<\/a>.<\/li>\n<li>Deux accompagnants gratuits &#8211; et obligatoires &#8211; par classe.<\/li>\n<\/ul>\n<\/div>\n","protected":false},"excerpt":{"rendered":"<p>L&rsquo;arboretum est ouvert pour des visites guid\u00e9es et des animations au moins une fois par mois (voir notre agenda) Il est \u00e9galement ouvert sur rendez-vous pour des groupes, et des scolaires. Il ne re\u00e7oit pas de public pour des visites libres. NB : les tarifs des formations sont indiqu\u00e9s dans leur fiche p\u00e9dagogique Tarifs individuels [&hellip;]<\/p>\n","protected":false},"author":1,"featured_media":757,"parent":0,"menu_order":12,"comment_status":"closed","ping_status":"closed","template":"","meta":{"footnotes":""},"class_list":["post-116","page","type-page","status-publish","has-post-thumbnail","hentry"],"_links":{"self":[{"href":"https:\/\/www.lapetiteloiterie.fr\/lpl\/wp-json\/wp\/v2\/pages\/116","targetHints":{"allow":["GET"]}}],"collection":[{"href":"https:\/\/www.lapetiteloiterie.fr\/lpl\/wp-json\/wp\/v2\/pages"}],"about":[{"href":"https:\/\/www.lapetiteloiterie.fr\/lpl\/wp-json\/wp\/v2\/types\/page"}],"author":[{"embeddable":true,"href":"https:\/\/www.lapetiteloiterie.fr\/lpl\/wp-json\/wp\/v2\/users\/1"}],"replies":[{"embeddable":true,"href":"https:\/\/www.lapetiteloiterie.fr\/lpl\/wp-json\/wp\/v2\/comments?post=116"}],"version-history":[{"count":32,"href":"https:\/\/www.lapetiteloiterie.fr\/lpl\/wp-json\/wp\/v2\/pages\/116\/revisions"}],"predecessor-version":[{"id":3615,"href":"https:\/\/www.lapetiteloiterie.fr\/lpl\/wp-json\/wp\/v2\/pages\/116\/revisions\/3615"}],"wp:featuredmedia":[{"embeddable":true,"href":"https:\/\/www.lapetiteloiterie.fr\/lpl\/wp-json\/wp\/v2\/media\/757"}],"wp:attachment":[{"href":"https:\/\/www.lapetiteloiterie.fr\/lpl\/wp-json\/wp\/v2\/media?parent=116"}],"curies":[{"name":"wp","href":"https:\/\/api.w.org\/{rel}","templated":true}]}}