{"id":13,"date":"2013-10-23T18:47:44","date_gmt":"2013-10-23T16:47:44","guid":{"rendered":"http:\/\/lapetiteloiterie.fr\/lpl\/?page_id=13"},"modified":"2026-03-25T11:43:47","modified_gmt":"2026-03-25T10:43:47","slug":"agenda","status":"publish","type":"page","link":"https:\/\/www.lapetiteloiterie.fr\/lpl\/agenda\/","title":{"rendered":"Agenda"},"content":{"rendered":"<p>L&rsquo;arboretum est accessible toute l&rsquo;ann\u00e9e pour des groupes sur <a title=\"Contacts\" href=\"http:\/\/www.lapetiteloiterie.fr\/lpl\/contacts\/\">rendez-vous<\/a>.<br \/>\nL&rsquo;agenda des <strong>formations<\/strong> est accessible <a title=\"Formations (\u00e0 revoir)\" href=\"http:\/\/www.lapetiteloiterie.fr\/lpl\/activites\/formations\/\">ici<\/a>.<\/p>\n<p><strong>NOTA BENE : l&rsquo;arboretum n&rsquo;est pas ouvert en dehors des dates ci-dessous, m\u00eame pour des visites libres\u00a0!<\/strong><\/p>\n<p>Attention, l&rsquo;heure indiqu\u00e9e est pr\u00e9cise car les visites et animations sont guid\u00e9es.<br \/>\nSauf indication contraire, il n&rsquo;est pas n\u00e9cessaire de r\u00e9server.<\/p>\n<table id=\"t2026\" border=\"1\" width=\"100%\" cellspacing=\"0\" cellpadding=\"3\">\n<caption class=\"captionGche\">Visites et animations <strong>2026<\/strong><\/caption>\n<colgroup>\n<col width=\"10%\" align=\"left\" valign=\"top\" \/>\n<col width=\"15%\" align=\"left\" valign=\"top\" \/>\n<col width=\"8%\" align=\"left\" valign=\"top\" \/>\n<col width=\"8%\" align=\"center\" valign=\"top\" \/>\n<col align=\"left\" valign=\"top\" \/> <\/colgroup>\n<tbody>\n<tr class=\"entetecol\">\n<td>mois<\/td>\n<td>date<\/td>\n<td>heure<\/td>\n<td>dur\u00e9e<\/td>\n<td>sujet<\/td>\n<\/tr>\n<tr>\n<td class=\"moisAgenda\">janvier<\/td>\n<td>samedi 31<\/td>\n<td>15h<\/td>\n<td>3h<\/td>\n<td>animation<ul class=\"toutseul\" id=\"lcp_instance_0\"><li><a href=\"https:\/\/www.lapetiteloiterie.fr\/lpl\/art\/01-taille-formation\/\">Janvier&nbsp;: la taille de formation des arbres d\u2019ornement<\/a><a href=\"https:\/\/www.lapetiteloiterie.fr\/lpl\/art\/01-taille-formation\/\" title=\"Janvier&nbsp;: la taille de formation des arbres d\u2019ornement\"><img loading=\"lazy\" decoding=\"async\" width=\"320\" height=\"80\" src=\"https:\/\/www.lapetiteloiterie.fr\/lpl\/wp-content\/uploads\/TailleCerisierTibet-320x80.jpg\" class=\"lcp_thumbnail wp-post-image\" alt=\"Janvier&nbsp;: la taille de formation des arbres d\u2019ornement\" srcset=\"https:\/\/www.lapetiteloiterie.fr\/lpl\/wp-content\/uploads\/TailleCerisierTibet-320x80.jpg 320w, https:\/\/www.lapetiteloiterie.fr\/lpl\/wp-content\/uploads\/TailleCerisierTibet-624x156.jpg 624w, https:\/\/www.lapetiteloiterie.fr\/lpl\/wp-content\/uploads\/TailleCerisierTibet.jpg 1024w\" sizes=\"auto, (max-width: 320px) 100vw, 320px\" title=\"Taille d&#039;un cerisier du Tibet\" \/><\/a><div class=\"lcp_excerpt\">Donner aux jeunes arbres la forme adapt\u00e9e \u00e0 chaque situation\n<\/div><\/li><\/ul><\/td>\n<\/tr>\n<tr>\n<td class=\"moisAgenda\">f\u00e9vrier<\/td>\n<td>samedi 28<\/td>\n<td>15h<\/td>\n<td>3h<\/td>\n<td>animation<ul class=\"toutseul\" id=\"lcp_instance_0\"><li><a href=\"https:\/\/www.lapetiteloiterie.fr\/lpl\/art\/02-taille-entretien-arbustes\/\">F\u00e9vrier&nbsp;: la taille d&rsquo;entretien des arbustes d&rsquo;ornement<\/a><a href=\"https:\/\/www.lapetiteloiterie.fr\/lpl\/art\/02-taille-entretien-arbustes\/\" title=\"F\u00e9vrier&nbsp;: la taille d&#039;entretien des arbustes d&#039;ornement\"><img loading=\"lazy\" decoding=\"async\" width=\"320\" height=\"80\" src=\"https:\/\/www.lapetiteloiterie.fr\/lpl\/wp-content\/uploads\/DSC05447-320x80.jpg\" class=\"lcp_thumbnail wp-post-image\" alt=\"F\u00e9vrier&nbsp;: la taille d&#039;entretien des arbustes d&#039;ornement\" srcset=\"https:\/\/www.lapetiteloiterie.fr\/lpl\/wp-content\/uploads\/DSC05447-320x80.jpg 320w, https:\/\/www.lapetiteloiterie.fr\/lpl\/wp-content\/uploads\/DSC05447-624x156.jpg 624w, https:\/\/www.lapetiteloiterie.fr\/lpl\/wp-content\/uploads\/DSC05447.jpg 1024w\" sizes=\"auto, (max-width: 320px) 100vw, 320px\" title=\"Quel talent!\" \/><\/a><div class=\"lcp_excerpt\">Adapter la taille selon les esp\u00e8ces, les jardins, et le temps dont on dispose\n<\/div><\/li><\/ul><\/td>\n<\/tr>\n<tr>\n<td class=\"moisAgenda\">mars<\/td>\n<td>samedi 28<\/td>\n<td>15h<\/td>\n<td>3h<\/td>\n<td>animation<ul class=\"toutseul\" id=\"lcp_instance_0\"><li><a href=\"https:\/\/www.lapetiteloiterie.fr\/lpl\/art\/03-floraison-printaniere-1\/\">Mars&nbsp;: les arbres d&rsquo;ornement a\u0300 floraison printanie\u0300re<\/a><a href=\"https:\/\/www.lapetiteloiterie.fr\/lpl\/art\/03-floraison-printaniere-1\/\" title=\"Mars&nbsp;: les arbres d&#039;ornement a\u0300 floraison printanie\u0300re\"><img loading=\"lazy\" decoding=\"async\" width=\"320\" height=\"80\" src=\"https:\/\/www.lapetiteloiterie.fr\/lpl\/wp-content\/uploads\/cerisier_accolade2-320x80.jpg\" class=\"lcp_thumbnail wp-post-image\" alt=\"Mars&nbsp;: les arbres d&#039;ornement a\u0300 floraison printanie\u0300re\" srcset=\"https:\/\/www.lapetiteloiterie.fr\/lpl\/wp-content\/uploads\/cerisier_accolade2-320x80.jpg 320w, https:\/\/www.lapetiteloiterie.fr\/lpl\/wp-content\/uploads\/cerisier_accolade2-624x156.jpg 624w, https:\/\/www.lapetiteloiterie.fr\/lpl\/wp-content\/uploads\/cerisier_accolade2.jpg 1024w\" sizes=\"auto, (max-width: 320px) 100vw, 320px\" title=\"Un cerisier \u00e0 fleurs : Prunus Accolade\" \/><\/a><div class=\"lcp_excerpt\">D\u00e9couvrir la diversit\u00e9 des arbres fleuris au d\u00e9but du printemps\n<\/div><\/li><\/ul><\/td>\n<\/tr>\n<tr>\n<td class=\"moisAgenda\" rowspan=\"5\">avril<\/td>\n<td>dimanche 12<\/td>\n<td>15h<\/td>\n<td>2h<\/td>\n<td>\n<ul class=\"toutseul\">\n<li><a title=\"Visites\" href=\"http:\/\/www.lapetiteloiterie.fr\/lpl\/activites\/visites\/\">visite guid\u00e9e<\/a> (sp\u00e9ciale floraisons printani\u00e8res&#8230;)<img loading=\"lazy\" decoding=\"async\" class=\"attachment-320x240 wp-post-image\" src=\"http:\/\/www.lapetiteloiterie.fr\/lpl\/wp-content\/uploads\/Visite.jpg\" srcset=\"http:\/\/www.lapetiteloiterie.fr\/lpl\/wp-content\/uploads\/Visite-320x80.jpg 320w, http:\/\/www.lapetiteloiterie.fr\/lpl\/wp-content\/uploads\/Visite-624x156.jpg 624w, http:\/\/www.lapetiteloiterie.fr\/lpl\/wp-content\/uploads\/Visite.jpg 1024w\" alt=\"Jac Boutaud animant une visite\" width=\"320\" height=\"80\" \/><\/li>\n<\/ul>\n<\/td>\n<\/tr>\n<tr>\n<td>samedi 18<\/td>\n<td>21h<\/td>\n<td>2h<\/td>\n<td>\n<ul class=\"toutseul\">\n<li>animation : <a href=\"http:\/\/www.lapetiteloiterie.fr\/lpl\/activites\/animations-mares\/\">rencontre nocturne avec les habitants des mares<\/a><img loading=\"lazy\" decoding=\"async\" class=\"attachment-320x240 wp-post-image\" src=\"http:\/\/www.lapetiteloiterie.fr\/lpl\/wp-content\/uploads\/Salamandre.jpg\" sizes=\"auto, (max-width: 320px) 100vw, 320px\" srcset=\"http:\/\/www.lapetiteloiterie.fr\/lpl\/wp-content\/uploads\/Salamandre-320x80.jpg 320w, http:\/\/www.lapetiteloiterie.fr\/lpl\/wp-content\/uploads\/Salamandre-624x156.jpg 624w, http:\/\/www.lapetiteloiterie.fr\/lpl\/wp-content\/uploads\/Salamandre.jpg 1024w\" alt=\"Une salamandre\" width=\"320\" height=\"80\" \/><strong> Inscription obligatoire 48h \u00e0 l&rsquo;avance.<\/strong><br \/>\nAttention, pr\u00e9voir bottes, lampes de poche et v\u00eatements chauds!<\/li>\n<\/ul>\n<\/td>\n<\/tr>\n<tr>\n<td>dimanche 19<\/td>\n<td>15h<\/td>\n<td>2h<\/td>\n<td>\n<ul class=\"toutseul\">\n<li>animation : <a href=\"http:\/\/www.lapetiteloiterie.fr\/lpl\/activites\/animations-mares\/\">les mares de l&rsquo;arboretum<\/a><img loading=\"lazy\" decoding=\"async\" class=\"attachment-320x240 wp-post-image\" src=\"http:\/\/www.lapetiteloiterie.fr\/lpl\/wp-content\/uploads\/Salamandre.jpg\" sizes=\"auto, (max-width: 320px) 100vw, 320px\" srcset=\"http:\/\/www.lapetiteloiterie.fr\/lpl\/wp-content\/uploads\/Salamandre-320x80.jpg 320w, http:\/\/www.lapetiteloiterie.fr\/lpl\/wp-content\/uploads\/Salamandre-624x156.jpg 624w, http:\/\/www.lapetiteloiterie.fr\/lpl\/wp-content\/uploads\/Salamandre.jpg 1024w\" alt=\"Une salamandre\" width=\"320\" height=\"80\" \/><strong>Inscription obligatoire 48h \u00e0 l&rsquo;avance.<\/strong><\/li>\n<\/ul>\n<\/td>\n<\/tr>\n<tr>\n<td>samedi 25<\/td>\n<td>15h<\/td>\n<td>3h<\/td>\n<td>animation<ul class=\"toutseul\" id=\"lcp_instance_0\"><li><a href=\"https:\/\/www.lapetiteloiterie.fr\/lpl\/art\/04-arbres_par_tous_les_sens\/\">Avril&nbsp;: les arbres par tous les sens<\/a><a href=\"https:\/\/www.lapetiteloiterie.fr\/lpl\/art\/04-arbres_par_tous_les_sens\/\" title=\"Avril&nbsp;: les arbres par tous les sens\"><img loading=\"lazy\" decoding=\"async\" width=\"320\" height=\"80\" src=\"https:\/\/www.lapetiteloiterie.fr\/lpl\/wp-content\/uploads\/DSC02303-bd-320x80.jpg\" class=\"lcp_thumbnail wp-post-image\" alt=\"Avril&nbsp;: les arbres par tous les sens\" srcset=\"https:\/\/www.lapetiteloiterie.fr\/lpl\/wp-content\/uploads\/DSC02303-bd-320x80.jpg 320w, https:\/\/www.lapetiteloiterie.fr\/lpl\/wp-content\/uploads\/DSC02303-bd-768x192.jpg 768w, https:\/\/www.lapetiteloiterie.fr\/lpl\/wp-content\/uploads\/DSC02303-bd-624x156.jpg 624w, https:\/\/www.lapetiteloiterie.fr\/lpl\/wp-content\/uploads\/DSC02303-bd.jpg 1024w\" sizes=\"auto, (max-width: 320px) 100vw, 320px\" title=\"Un rameau de Sumac de Virginie\" \/><\/a><div class=\"lcp_excerpt\">Au-del\u00e0 de la vue, les arbres et arbustes offrent des attraits pour tous les sens&nbsp;!\n<\/div><\/li><\/ul><\/td>\n<\/tr>\n<tr>\n<td>dimanche 26<\/td>\n<td>15h<\/td>\n<td>2h<\/td>\n<td>\n<ul class=\"toutseul\">\n<li><a title=\"Visites\" href=\"http:\/\/www.lapetiteloiterie.fr\/lpl\/activites\/visites\/\">visite guid\u00e9e<\/a> <img loading=\"lazy\" decoding=\"async\" class=\"attachment-320x240 wp-post-image\" src=\"http:\/\/www.lapetiteloiterie.fr\/lpl\/wp-content\/uploads\/Visite.jpg\" srcset=\"http:\/\/www.lapetiteloiterie.fr\/lpl\/wp-content\/uploads\/Visite-320x80.jpg 320w, http:\/\/www.lapetiteloiterie.fr\/lpl\/wp-content\/uploads\/Visite-624x156.jpg 624w, http:\/\/www.lapetiteloiterie.fr\/lpl\/wp-content\/uploads\/Visite.jpg 1024w\" alt=\"Jac Boutaud animant une visite\" width=\"320\" height=\"80\" \/><\/li>\n<\/ul>\n<\/td>\n<\/tr>\n<tr>\n<td class=\"moisAgenda\" rowspan=\"2\">mai<\/td>\n<td>samedi 30<\/td>\n<td>15h<\/td>\n<td>3h<\/td>\n<td>animation : <ul class=\"toutseul\" id=\"lcp_instance_0\"><li><a href=\"https:\/\/www.lapetiteloiterie.fr\/lpl\/art\/05-arbres-petits-jardins\/\">Mai\u00a0: les arbres d\u2019ornement pour les petits jardins<\/a><a href=\"https:\/\/www.lapetiteloiterie.fr\/lpl\/art\/05-arbres-petits-jardins\/\" title=\"Mai\u00a0: les arbres d\u2019ornement pour les petits jardins\"><img loading=\"lazy\" decoding=\"async\" width=\"320\" height=\"80\" src=\"https:\/\/www.lapetiteloiterie.fr\/lpl\/wp-content\/uploads\/DSC02209-320x80.jpg\" class=\"lcp_thumbnail wp-post-image\" alt=\"Mai\u00a0: les arbres d\u2019ornement pour les petits jardins\" srcset=\"https:\/\/www.lapetiteloiterie.fr\/lpl\/wp-content\/uploads\/DSC02209-320x80.jpg 320w, https:\/\/www.lapetiteloiterie.fr\/lpl\/wp-content\/uploads\/DSC02209-624x156.jpg 624w, https:\/\/www.lapetiteloiterie.fr\/lpl\/wp-content\/uploads\/DSC02209.jpg 1024w\" sizes=\"auto, (max-width: 320px) 100vw, 320px\" title=\"Albizzia julibrissin\" \/><\/a><div class=\"lcp_excerpt\">&nbsp;\n<\/div><\/li><\/ul><\/td>\n<\/tr>\n<tr>\n<td>dimanche 31<\/td>\n<td>15h<\/td>\n<td>2h<\/td>\n<td>\n<ul class=\"toutseul\">\n<li><a title=\"Visites\" href=\"http:\/\/www.lapetiteloiterie.fr\/lpl\/activites\/visites\/\">visite guid\u00e9e<\/a> <img loading=\"lazy\" decoding=\"async\" class=\"attachment-320x240 wp-post-image\" src=\"http:\/\/www.lapetiteloiterie.fr\/lpl\/wp-content\/uploads\/Visite.jpg\" srcset=\"http:\/\/www.lapetiteloiterie.fr\/lpl\/wp-content\/uploads\/Visite-320x80.jpg 320w, http:\/\/www.lapetiteloiterie.fr\/lpl\/wp-content\/uploads\/Visite-624x156.jpg 624w, http:\/\/www.lapetiteloiterie.fr\/lpl\/wp-content\/uploads\/Visite.jpg 1024w\" alt=\"Jac Boutaud animant une visite\" width=\"320\" height=\"80\" \/><\/li>\n<\/ul>\n<\/td>\n<\/tr>\n<tr>\n<td class=\"moisAgenda\" rowspan=\"4\">juin<\/td>\n<td>samedi 6<\/td>\n<td>15h<\/td>\n<td>2h<\/td>\n<td>\n<ul class=\"toutseul\">\n<li><a title=\"Visites\" href=\"http:\/\/www.lapetiteloiterie.fr\/lpl\/activites\/visites\/\">visite guid\u00e9e<\/a> dans le cadre de l&rsquo;op\u00e9ration <a href=\"https:\/\/rendezvousauxjardins.culture.gouv.fr\/\" target=\"_blank\" rel=\"noopener noreferrer\">Rendez-vous aux jardins<\/a> <!--<img loading=\"lazy\" decoding=\"async\" class=\"attachment-320x240 wp-post-image\" src=\"https:\/\/www.lapetiteloiterie.fr\/lpl\/wp-content\/uploads\/RDVJARDINS2026.jpg\" srcset=\"http:\/\/www.lapetiteloiterie.fr\/lpl\/wp-content\/uploads\/RDVJARDINS2026-320x80.jpg 320w, http:\/\/www.lapetiteloiterie.fr\/lpl\/wp-content\/uploads\/RDVJARDINS2026-624x156.jpg 624w, http:\/\/www.lapetiteloiterie.fr\/lpl\/wp-content\/uploads\/RDVJARDINS2026.jpg 1024w\" alt=\"\" width=\"320\" height=\"80\"\/>--><img loading=\"lazy\" decoding=\"async\" class=\"attachment-320x240 wp-post-image\" src=\"http:\/\/www.lapetiteloiterie.fr\/lpl\/wp-content\/uploads\/Visite.jpg\" srcset=\"http:\/\/www.lapetiteloiterie.fr\/lpl\/wp-content\/uploads\/RDVJARDINS2026.jpg 320w, http:\/\/www.lapetiteloiterie.fr\/lpl\/wp-content\/uploads\/RDVJARDINS2026.jpg 624w, http:\/\/www.lapetiteloiterie.fr\/lpl\/wp-content\/uploads\/RDVJARDINS2026.jpg 1024w\" alt=\"Jac Boutaud animant une visite\" width=\"320\" height=\"80\" \/><\/li>\n<\/ul>\n<\/td>\n<\/tr>\n<tr>\n<td>dimanche 7<\/td>\n<td>15h<\/td>\n<td>2h<\/td>\n<td>\n<ul class=\"toutseul\">\n<li><a title=\"Visites\" href=\"http:\/\/www.lapetiteloiterie.fr\/lpl\/activites\/visites\/\">visite guid\u00e9e<\/a> dans le cadre de l&rsquo;op\u00e9ration <a href=\"https:\/\/rendezvousauxjardins.culture.gouv.fr\/\" target=\"_blank\" rel=\"noopener noreferrer\">Rendez-vous aux jardins<\/a> <img loading=\"lazy\" decoding=\"async\" class=\"attachment-320x240 wp-post-image\" src=\"http:\/\/www.lapetiteloiterie.fr\/lpl\/wp-content\/uploads\/RDVJARDINS2026.jpg\" srcset=\"http:\/\/www.lapetiteloiterie.fr\/lpl\/wp-content\/uploads\/RDVJARDINS2026-320x80.jpg 320w, http:\/\/www.lapetiteloiterie.fr\/lpl\/wp-content\/uploads\/RDVJARDINS2026-624x156.jpg 624w, http:\/\/www.lapetiteloiterie.fr\/lpl\/wp-content\/uploads\/RDVJARDINS2026.jpg 1024w\" alt=\"Jac Boutaud animant une visite\" width=\"320\" height=\"80\" \/><\/li>\n<\/ul>\n<\/td>\n<\/tr>\n<tr>\n<td>samedi 27<\/td>\n<td>15h<\/td>\n<td>3h<\/td>\n<td>animation\u00a0: <ul class=\"toutseul\" id=\"lcp_instance_0\"><li><a href=\"https:\/\/www.lapetiteloiterie.fr\/lpl\/art\/06-reconnaissance\/\">Juin\u00a0: la reconnaissance des arbres et arbustes<\/a><a href=\"https:\/\/www.lapetiteloiterie.fr\/lpl\/art\/06-reconnaissance\/\" title=\"Juin\u00a0: la reconnaissance des arbres et arbustes\"><img loading=\"lazy\" decoding=\"async\" width=\"320\" height=\"80\" src=\"https:\/\/www.lapetiteloiterie.fr\/lpl\/wp-content\/uploads\/DSCF1348-320x80.jpg\" class=\"lcp_thumbnail wp-post-image\" alt=\"Juin\u00a0: la reconnaissance des arbres et arbustes\" srcset=\"https:\/\/www.lapetiteloiterie.fr\/lpl\/wp-content\/uploads\/DSCF1348-320x80.jpg 320w, https:\/\/www.lapetiteloiterie.fr\/lpl\/wp-content\/uploads\/DSCF1348-624x156.jpg 624w, https:\/\/www.lapetiteloiterie.fr\/lpl\/wp-content\/uploads\/DSCF1348.jpg 1024w\" sizes=\"auto, (max-width: 320px) 100vw, 320px\" title=\"Le fameux pommier \u00e0 feuilles d&#039;\u00e9rables, Malus trilobata...\" \/><\/a><div class=\"lcp_excerpt\">Apprendre de fac\u0327on ludique a\u0300 reconnai\u0302tre les ve\u0301ge\u0301taux de nos jardins\n<\/div><\/li><\/ul><\/td>\n<\/tr>\n<tr>\n<td>dimanche 28<\/td>\n<td>15h<\/td>\n<td>2h<\/td>\n<td>\n<ul class=\"toutseul\">\n<li><a title=\"Visites\" href=\"http:\/\/www.lapetiteloiterie.fr\/lpl\/activites\/visites\/\">visite guid\u00e9e<\/a><img loading=\"lazy\" decoding=\"async\" class=\"attachment-320x240 wp-post-image\" src=\"http:\/\/www.lapetiteloiterie.fr\/lpl\/wp-content\/uploads\/Visite.jpg\" srcset=\"http:\/\/www.lapetiteloiterie.fr\/lpl\/wp-content\/uploads\/Visite-320x80.jpg 320w, http:\/\/www.lapetiteloiterie.fr\/lpl\/wp-content\/uploads\/Visite-624x156.jpg 624w, http:\/\/www.lapetiteloiterie.fr\/lpl\/wp-content\/uploads\/Visite.jpg 1024w\" alt=\"Jac Boutaud animant une visite\" width=\"320\" height=\"80\" \/><\/li>\n<\/ul>\n<\/td>\n<\/tr>\n<tr>\n<td class=\"moisAgenda\" rowspan=\"2\">juillet<\/td>\n<td>samedi 25<\/td>\n<td>15h<\/td>\n<td>3h<\/td>\n<td>animation\u00a0: <ul class=\"toutseul\" id=\"lcp_instance_0\"><li><a href=\"https:\/\/www.lapetiteloiterie.fr\/lpl\/art\/07-geographie\/\">Juillet\u00a0: l\u2019origine g\u00e9ographique des arbres<\/a><a href=\"https:\/\/www.lapetiteloiterie.fr\/lpl\/art\/07-geographie\/\" title=\"Juillet\u00a0: l\u2019origine g\u00e9ographique des arbres\"><img loading=\"lazy\" decoding=\"async\" width=\"320\" height=\"80\" src=\"https:\/\/www.lapetiteloiterie.fr\/lpl\/wp-content\/uploads\/DSC05830-320x80.jpg\" class=\"lcp_thumbnail wp-post-image\" alt=\"Juillet\u00a0: l\u2019origine g\u00e9ographique des arbres\" srcset=\"https:\/\/www.lapetiteloiterie.fr\/lpl\/wp-content\/uploads\/DSC05830-320x80.jpg 320w, https:\/\/www.lapetiteloiterie.fr\/lpl\/wp-content\/uploads\/DSC05830-768x192.jpg 768w, https:\/\/www.lapetiteloiterie.fr\/lpl\/wp-content\/uploads\/DSC05830-624x156.jpg 624w, https:\/\/www.lapetiteloiterie.fr\/lpl\/wp-content\/uploads\/DSC05830.jpg 1024w\" sizes=\"auto, (max-width: 320px) 100vw, 320px\" title=\"\u00c9corce du bouleau de l&#039;Himalaya\" \/><\/a><div class=\"lcp_excerpt\">Promenade arbor\u00e9e a\u0300 travers les continents\n<\/div><\/li><\/ul><\/td>\n<\/tr>\n<tr>\n<td>dimanche 26<\/td>\n<td>15h<\/td>\n<td>2h<\/td>\n<td>\n<ul class=\"toutseul\">\n<li><a title=\"Visites\" href=\"http:\/\/www.lapetiteloiterie.fr\/lpl\/activites\/visites\/\">visite guid\u00e9e<\/a><img loading=\"lazy\" decoding=\"async\" class=\"attachment-320x240 wp-post-image\" src=\"http:\/\/www.lapetiteloiterie.fr\/lpl\/wp-content\/uploads\/Visite.jpg\" srcset=\"http:\/\/www.lapetiteloiterie.fr\/lpl\/wp-content\/uploads\/Visite-320x80.jpg 320w, http:\/\/www.lapetiteloiterie.fr\/lpl\/wp-content\/uploads\/Visite-624x156.jpg 624w, http:\/\/www.lapetiteloiterie.fr\/lpl\/wp-content\/uploads\/Visite.jpg 1024w\" alt=\"Jac Boutaud animant une visite\" width=\"320\" height=\"80\" \/><\/li>\n<\/ul>\n<\/td>\n<\/tr>\n<tr>\n<td class=\"moisAgenda\" rowspan=\"2\">ao\u00fbt<\/td>\n<td>samedi 29<\/td>\n<td>15h<\/td>\n<td>3h<\/td>\n<td>animation <ul class=\"toutseul\" id=\"lcp_instance_0\"><li><a href=\"https:\/\/www.lapetiteloiterie.fr\/lpl\/art\/08-arbres-chgt-climat\/\">Ao\u00fbt&nbsp;: les arbres d&rsquo;ornement adapte\u0301s au changement climatique<\/a><a href=\"https:\/\/www.lapetiteloiterie.fr\/lpl\/art\/08-arbres-chgt-climat\/\" title=\"Ao\u00fbt&nbsp;: les arbres d&#039;ornement adapte\u0301s au changement climatique\"><img loading=\"lazy\" decoding=\"async\" width=\"320\" height=\"80\" src=\"https:\/\/www.lapetiteloiterie.fr\/lpl\/wp-content\/uploads\/DSC03454-b-320x80.jpg\" class=\"lcp_thumbnail wp-post-image\" alt=\"Ao\u00fbt&nbsp;: les arbres d&#039;ornement adapte\u0301s au changement climatique\" srcset=\"https:\/\/www.lapetiteloiterie.fr\/lpl\/wp-content\/uploads\/DSC03454-b-320x80.jpg 320w, https:\/\/www.lapetiteloiterie.fr\/lpl\/wp-content\/uploads\/DSC03454-b-768x192.jpg 768w, https:\/\/www.lapetiteloiterie.fr\/lpl\/wp-content\/uploads\/DSC03454-b-624x156.jpg 624w, https:\/\/www.lapetiteloiterie.fr\/lpl\/wp-content\/uploads\/DSC03454-b.jpg 1024w\" sizes=\"auto, (max-width: 320px) 100vw, 320px\" title=\"C\u00e8dre de l&#039;Atlas\" \/><\/a><div class=\"lcp_excerpt\">Comment tenir compte de l&rsquo;e\u0301volution du climat pour choisir les arbres a\u0300 planter et les entretenir&nbsp;?\n<\/div><\/li><\/ul><\/td>\n<\/tr>\n<tr>\n<td>dimanche 30<\/td>\n<td>15h<\/td>\n<td>2h<\/td>\n<td>\n<ul class=\"toutseul\">\n<li><a title=\"Visites\" href=\"http:\/\/www.lapetiteloiterie.fr\/lpl\/activites\/visites\/\">visite guid\u00e9e<\/a><img loading=\"lazy\" decoding=\"async\" class=\"attachment-320x240 wp-post-image\" src=\"http:\/\/www.lapetiteloiterie.fr\/lpl\/wp-content\/uploads\/Visite.jpg\" srcset=\"http:\/\/www.lapetiteloiterie.fr\/lpl\/wp-content\/uploads\/Visite-320x80.jpg 320w, http:\/\/www.lapetiteloiterie.fr\/lpl\/wp-content\/uploads\/Visite-624x156.jpg 624w, http:\/\/www.lapetiteloiterie.fr\/lpl\/wp-content\/uploads\/Visite.jpg 1024w\" alt=\"Jac Boutaud animant une visite\" width=\"320\" height=\"80\" \/><\/li>\n<\/ul>\n<\/td>\n<\/tr>\n<tr>\n<td class=\"moisAgenda\" rowspan=\"2\">septembre<\/td>\n<td>samedi 26<\/td>\n<td>15h<\/td>\n<td>3h<\/td>\n<td>animation <ul class=\"toutseul\" id=\"lcp_instance_0\"><li><a href=\"https:\/\/www.lapetiteloiterie.fr\/lpl\/art\/09-arbres-comestibles\/\">Septembre\u00a0: les arbres et arbustes comestibles<\/a><a href=\"https:\/\/www.lapetiteloiterie.fr\/lpl\/art\/09-arbres-comestibles\/\" title=\"Septembre\u00a0: les arbres et arbustes comestibles\"><img loading=\"lazy\" decoding=\"async\" width=\"320\" height=\"80\" src=\"https:\/\/www.lapetiteloiterie.fr\/lpl\/wp-content\/uploads\/Poivrier_sichuan-320x80.jpg\" class=\"lcp_thumbnail wp-post-image\" alt=\"Septembre\u00a0: les arbres et arbustes comestibles\" srcset=\"https:\/\/www.lapetiteloiterie.fr\/lpl\/wp-content\/uploads\/Poivrier_sichuan-320x80.jpg 320w, https:\/\/www.lapetiteloiterie.fr\/lpl\/wp-content\/uploads\/Poivrier_sichuan-624x156.jpg 624w, https:\/\/www.lapetiteloiterie.fr\/lpl\/wp-content\/uploads\/Poivrier_sichuan.jpg 1024w\" sizes=\"auto, (max-width: 320px) 100vw, 320px\" title=\"Poivrier du sichuan\" \/><\/a><div class=\"lcp_excerpt\">Manger ses arbres et arbustes !\n<\/div><\/li><\/ul><\/td>\n<\/tr>\n<tr>\n<td>dimanche 27<\/td>\n<td>15h<\/td>\n<td>2h<\/td>\n<td>\n<ul class=\"toutseul\">\n<li><a title=\"Visites\" href=\"http:\/\/www.lapetiteloiterie.fr\/lpl\/activites\/visites\/\">visite guid\u00e9e<\/a><img loading=\"lazy\" decoding=\"async\" class=\"attachment-320x240 wp-post-image\" src=\"http:\/\/www.lapetiteloiterie.fr\/lpl\/wp-content\/uploads\/Visite.jpg\" srcset=\"http:\/\/www.lapetiteloiterie.fr\/lpl\/wp-content\/uploads\/Visite-320x80.jpg 320w, http:\/\/www.lapetiteloiterie.fr\/lpl\/wp-content\/uploads\/Visite-624x156.jpg 624w, http:\/\/www.lapetiteloiterie.fr\/lpl\/wp-content\/uploads\/Visite.jpg 1024w\" alt=\"Jac Boutaud animant une visite\" width=\"320\" height=\"80\" \/><\/li>\n<\/ul>\n<\/td>\n<\/tr>\n<tr>\n<td class=\"moisAgenda\" rowspan=\"1\">octobre<\/td>\n<td>samedi 31<\/td>\n<td>15h<\/td>\n<td>3h<\/td>\n<td>animation<ul class=\"toutseul\" id=\"lcp_instance_0\"><li><a href=\"https:\/\/www.lapetiteloiterie.fr\/lpl\/art\/10-coloration-automnale\/\">Octobre&nbsp;: les arbres d&rsquo;ornement \u00e0 belle coloration automnale<\/a><a href=\"https:\/\/www.lapetiteloiterie.fr\/lpl\/art\/10-coloration-automnale\/\" title=\"Octobre&nbsp;: les arbres d&#039;ornement \u00e0 belle coloration automnale\"><img loading=\"lazy\" decoding=\"async\" width=\"320\" height=\"80\" src=\"https:\/\/www.lapetiteloiterie.fr\/lpl\/wp-content\/uploads\/sumacs-320x80.jpg\" class=\"lcp_thumbnail wp-post-image\" alt=\"Octobre&nbsp;: les arbres d&#039;ornement \u00e0 belle coloration automnale\" srcset=\"https:\/\/www.lapetiteloiterie.fr\/lpl\/wp-content\/uploads\/sumacs-320x80.jpg 320w, https:\/\/www.lapetiteloiterie.fr\/lpl\/wp-content\/uploads\/sumacs-624x156.jpg 624w, https:\/\/www.lapetiteloiterie.fr\/lpl\/wp-content\/uploads\/sumacs.jpg 1024w\" sizes=\"auto, (max-width: 320px) 100vw, 320px\" title=\"Les sumacs en automne\" \/><\/a><div class=\"lcp_excerpt\">Conna\u00eetre la diversit\u00e9 des arbres flamboyants \u00e0 l&rsquo;automne\n<\/div><\/li><\/ul><\/td>\n<\/tr>\n<tr>\n<td class=\"moisAgenda\" rowspan=\"2\">novembre<\/td>\n<td>dimanche 1<sup>er<\/sup><\/td>\n<td>15h<\/td>\n<td>2h<\/td>\n<td>\n<ul class=\"toutseul\">\n<li><a title=\"Visites\" href=\"http:\/\/www.lapetiteloiterie.fr\/lpl\/activites\/visites\/\">visite guid\u00e9e<\/a><img loading=\"lazy\" decoding=\"async\" class=\"attachment-320x240 wp-post-image\" src=\"http:\/\/www.lapetiteloiterie.fr\/lpl\/wp-content\/uploads\/Visite.jpg\" srcset=\"http:\/\/www.lapetiteloiterie.fr\/lpl\/wp-content\/uploads\/Visite-320x80.jpg 320w, http:\/\/www.lapetiteloiterie.fr\/lpl\/wp-content\/uploads\/Visite-624x156.jpg 624w, http:\/\/www.lapetiteloiterie.fr\/lpl\/wp-content\/uploads\/Visite.jpg 1024w\" alt=\"Jac Boutaud animant une visite\" width=\"320\" height=\"80\" \/><\/li>\n<\/ul>\n<\/td>\n<\/tr>\n<tr>\n<td>samedi 28<\/td>\n<td>15h<\/td>\n<td>3h<\/td>\n<td>animation<ul class=\"toutseul\" id=\"lcp_instance_0\"><li><a href=\"https:\/\/www.lapetiteloiterie.fr\/lpl\/art\/11-choisir-planter-entretenir\/\">Novembre&nbsp;: choisir, planter et entretenir les arbres et arbustes<\/a><a href=\"https:\/\/www.lapetiteloiterie.fr\/lpl\/art\/11-choisir-planter-entretenir\/\" title=\"Novembre&nbsp;: choisir, planter et entretenir les arbres et arbustes\"><img loading=\"lazy\" decoding=\"async\" width=\"320\" height=\"80\" src=\"https:\/\/www.lapetiteloiterie.fr\/lpl\/wp-content\/uploads\/DSC05937-320x80.jpg\" class=\"lcp_thumbnail wp-post-image\" alt=\"Novembre&nbsp;: choisir, planter et entretenir les arbres et arbustes\" srcset=\"https:\/\/www.lapetiteloiterie.fr\/lpl\/wp-content\/uploads\/DSC05937-320x80.jpg 320w, https:\/\/www.lapetiteloiterie.fr\/lpl\/wp-content\/uploads\/DSC05937-624x156.jpg 624w, https:\/\/www.lapetiteloiterie.fr\/lpl\/wp-content\/uploads\/DSC05937.jpg 1024w\" sizes=\"auto, (max-width: 320px) 100vw, 320px\" title=\"Une s\u00e9ance de plantation avec un groupe d&#039;\u00e9tudiants horticoles\" \/><\/a><div class=\"lcp_excerpt\">Comment choisir le v\u00e9g\u00e9tal adapt\u00e9 \u00e0 ses souhaits&#8230; et \u00e0 son jardin, et r\u00e9ussir sa plantation\n<\/div><\/li><\/ul><\/td>\n<\/tr>\n<tr>\n<td class=\"moisAgenda\" rowspan=\"1\">d\u00e9cembre<\/td>\n<td>samedi 19<\/td>\n<td>15h<\/td>\n<td>3h<\/td>\n<td>animation<ul class=\"toutseul\" id=\"lcp_instance_0\"><li><a href=\"https:\/\/www.lapetiteloiterie.fr\/lpl\/art\/12-arbres-hiver\/\">D\u00e9cembre&nbsp;: les arbres en hiver<\/a><a href=\"https:\/\/www.lapetiteloiterie.fr\/lpl\/art\/12-arbres-hiver\/\" title=\"D\u00e9cembre&nbsp;: les arbres en hiver\"><img loading=\"lazy\" decoding=\"async\" width=\"320\" height=\"80\" src=\"https:\/\/www.lapetiteloiterie.fr\/lpl\/wp-content\/uploads\/DSC07276-320x80.jpg\" class=\"lcp_thumbnail wp-post-image\" alt=\"D\u00e9cembre&nbsp;: les arbres en hiver\" srcset=\"https:\/\/www.lapetiteloiterie.fr\/lpl\/wp-content\/uploads\/DSC07276-320x80.jpg 320w, https:\/\/www.lapetiteloiterie.fr\/lpl\/wp-content\/uploads\/DSC07276-624x156.jpg 624w, https:\/\/www.lapetiteloiterie.fr\/lpl\/wp-content\/uploads\/DSC07276.jpg 1024w\" sizes=\"auto, (max-width: 320px) 100vw, 320px\" title=\"DSC07276\" \/><\/a><div class=\"lcp_excerpt\">Parce que m\u00eame en hiver les arbres sont d\u00e9coratifs&#8230;\n<\/div><\/li><\/ul><\/td>\n<\/tr>\n<\/tbody>\n<\/table>\n","protected":false},"excerpt":{"rendered":"<p>L&rsquo;arboretum est accessible toute l&rsquo;ann\u00e9e pour des groupes sur rendez-vous. L&rsquo;agenda des formations est accessible ici. NOTA BENE : l&rsquo;arboretum n&rsquo;est pas ouvert en dehors des dates ci-dessous, m\u00eame pour des visites libres\u00a0! Attention, l&rsquo;heure indiqu\u00e9e est pr\u00e9cise car les visites et animations sont guid\u00e9es. Sauf indication contraire, il n&rsquo;est pas n\u00e9cessaire de r\u00e9server. Visites [&hellip;]<\/p>\n","protected":false},"author":1,"featured_media":752,"parent":0,"menu_order":11,"comment_status":"closed","ping_status":"closed","template":"","meta":{"footnotes":""},"class_list":["post-13","page","type-page","status-publish","has-post-thumbnail","hentry"],"_links":{"self":[{"href":"https:\/\/www.lapetiteloiterie.fr\/lpl\/wp-json\/wp\/v2\/pages\/13","targetHints":{"allow":["GET"]}}],"collection":[{"href":"https:\/\/www.lapetiteloiterie.fr\/lpl\/wp-json\/wp\/v2\/pages"}],"about":[{"href":"https:\/\/www.lapetiteloiterie.fr\/lpl\/wp-json\/wp\/v2\/types\/page"}],"author":[{"embeddable":true,"href":"https:\/\/www.lapetiteloiterie.fr\/lpl\/wp-json\/wp\/v2\/users\/1"}],"replies":[{"embeddable":true,"href":"https:\/\/www.lapetiteloiterie.fr\/lpl\/wp-json\/wp\/v2\/comments?post=13"}],"version-history":[{"count":115,"href":"https:\/\/www.lapetiteloiterie.fr\/lpl\/wp-json\/wp\/v2\/pages\/13\/revisions"}],"predecessor-version":[{"id":3677,"href":"https:\/\/www.lapetiteloiterie.fr\/lpl\/wp-json\/wp\/v2\/pages\/13\/revisions\/3677"}],"wp:featuredmedia":[{"embeddable":true,"href":"https:\/\/www.lapetiteloiterie.fr\/lpl\/wp-json\/wp\/v2\/media\/752"}],"wp:attachment":[{"href":"https:\/\/www.lapetiteloiterie.fr\/lpl\/wp-json\/wp\/v2\/media?parent=13"}],"curies":[{"name":"wp","href":"https:\/\/api.w.org\/{rel}","templated":true}]}}