{"id":183,"date":"2015-03-26T09:45:09","date_gmt":"2015-03-26T08:45:09","guid":{"rendered":"http:\/\/www.lapetiteloiterie.fr\/lpl\/acteurs-2\/animateur\/"},"modified":"2020-10-12T15:13:03","modified_gmt":"2020-10-12T13:13:03","slug":"animateur","status":"publish","type":"page","link":"https:\/\/www.lapetiteloiterie.fr\/lpl\/acteurs\/animateur\/","title":{"rendered":"L&rsquo;animateur"},"content":{"rendered":"<p>Olivier Podevin a rejoint l&rsquo;arboretum le 1er juillet 2002 pour en \u00eatre l&rsquo;animateur technique et scientifique.<\/p>\n<p>Depuis f\u00e9vrier 2020, il se consacre essentiellement a une activit\u00e9 d&rsquo;\u00e9co-p\u00e2turage, et n&rsquo;intervient plus \u00e0 l&rsquo;arboretum que de fa\u00e7on ponctuelle.<\/p>\n<p>Il est titulaire d&rsquo;un Brevet de Technicien Sup\u00e9rieur en Gestion et Protection de la Nature.<\/p>\n<p>Ses missions&nbsp;(pass\u00e9es, puis en pointill\u00e9 depuis d\u00e9but 2020):<\/p>\n<ul>\n<li>il pr\u00e9pare et r\u00e9alise des animations et formations \u00e0 l&rsquo;adresse de scolaires et d&rsquo;un public g\u00e9n\u00e9raliste, sur les sujets li\u00e9s \u00e0 la d\u00e9couverte de la nature et au respect de l&rsquo;environnement,<\/li>\n<li>il participe aux suivis techniques et scientifiques de la faune et la flore du site,<\/li>\n<li>il assure les relations avec les diff\u00e9rents partenaires scientifiques et p\u00e9dagogiques,<\/li>\n<li>il encadre les stagiaires,<\/li>\n<li>il participe \u00e0 la plantation des arbres et arbustes, entretien des prairies, des v\u00e9g\u00e9taux et des milieux naturels, et am\u00e9nagement des structures d&rsquo;accueil,<\/li>\n<li>il participe \u00e0 l&rsquo;\u00e9laboration de supports de communication autour du site et des actions qui y sont men\u00e9es, afin d&rsquo;assurer son d\u00e9veloppement.<\/li>\n<\/ul>\n","protected":false},"excerpt":{"rendered":"<p>Olivier Podevin a rejoint l&rsquo;arboretum le 1er juillet 2002 pour en \u00eatre l&rsquo;animateur technique et scientifique. Depuis f\u00e9vrier 2020, il se consacre essentiellement a une activit\u00e9 d&rsquo;\u00e9co-p\u00e2turage, et n&rsquo;intervient plus \u00e0 l&rsquo;arboretum que de fa\u00e7on ponctuelle. Il est titulaire d&rsquo;un Brevet de Technicien Sup\u00e9rieur en Gestion et Protection de la Nature. Ses missions&nbsp;(pass\u00e9es, puis en [&hellip;]<\/p>\n","protected":false},"author":1,"featured_media":732,"parent":31,"menu_order":4,"comment_status":"closed","ping_status":"closed","template":"","meta":{"footnotes":""},"class_list":["post-183","page","type-page","status-publish","has-post-thumbnail","hentry"],"_links":{"self":[{"href":"https:\/\/www.lapetiteloiterie.fr\/lpl\/wp-json\/wp\/v2\/pages\/183","targetHints":{"allow":["GET"]}}],"collection":[{"href":"https:\/\/www.lapetiteloiterie.fr\/lpl\/wp-json\/wp\/v2\/pages"}],"about":[{"href":"https:\/\/www.lapetiteloiterie.fr\/lpl\/wp-json\/wp\/v2\/types\/page"}],"author":[{"embeddable":true,"href":"https:\/\/www.lapetiteloiterie.fr\/lpl\/wp-json\/wp\/v2\/users\/1"}],"replies":[{"embeddable":true,"href":"https:\/\/www.lapetiteloiterie.fr\/lpl\/wp-json\/wp\/v2\/comments?post=183"}],"version-history":[{"count":7,"href":"https:\/\/www.lapetiteloiterie.fr\/lpl\/wp-json\/wp\/v2\/pages\/183\/revisions"}],"predecessor-version":[{"id":3373,"href":"https:\/\/www.lapetiteloiterie.fr\/lpl\/wp-json\/wp\/v2\/pages\/183\/revisions\/3373"}],"up":[{"embeddable":true,"href":"https:\/\/www.lapetiteloiterie.fr\/lpl\/wp-json\/wp\/v2\/pages\/31"}],"wp:featuredmedia":[{"embeddable":true,"href":"https:\/\/www.lapetiteloiterie.fr\/lpl\/wp-json\/wp\/v2\/media\/732"}],"wp:attachment":[{"href":"https:\/\/www.lapetiteloiterie.fr\/lpl\/wp-json\/wp\/v2\/media?parent=183"}],"curies":[{"name":"wp","href":"https:\/\/api.w.org\/{rel}","templated":true}]}}