{"id":194,"date":"2015-03-26T09:45:09","date_gmt":"2015-03-26T08:45:09","guid":{"rendered":"http:\/\/www.lapetiteloiterie.fr\/lpl\/animations\/formations\/"},"modified":"2026-02-28T16:23:22","modified_gmt":"2026-02-28T15:23:22","slug":"formations","status":"publish","type":"page","link":"https:\/\/www.lapetiteloiterie.fr\/lpl\/activites\/formations\/","title":{"rendered":"Formations"},"content":{"rendered":"<p>Ces formations s&rsquo;adressent surtout \u00e0 un public de professionnels et \u00e9tudiants, mais elles peuvent \u00eatre mises en place pour des amateurs \u00e9clair\u00e9s.<\/p>\n<p>Elles portent sur des th\u00e8mes vari\u00e9s, et s&rsquo;appuient \u00e0 chaque fois sur les potentialit\u00e9s p\u00e9dagogiques de l&rsquo;arboretum&nbsp;:<\/p>\n<ul>\n<li>reconnaissance des v\u00e9g\u00e9taux par l&rsquo;observation comparative (d\u00e9marche g\u00e9n\u00e9rale, essences particuli\u00e8res, plantes des r\u00e9f\u00e9rentiels de formation&#8230;)<\/li>\n<li>choisir des essences pour un am\u00e9nagement&nbsp;: s&rsquo;appuyer sur une m\u00e9thodologie simple et compl\u00e8te pour r\u00e9ussir son projet<\/li>\n<li>l&rsquo;approvisionnement en v\u00e9g\u00e9taux des am\u00e9nagements paysagers, du choix de la p\u00e9pini\u00e8re \u00e0 l&rsquo;arriv\u00e9e sur le site de plantation,<\/li>\n<li>plantation et entretien des haies, du choix des essences en fonction des objectifs aux tailles de r\u00e9g\u00e9n\u00e9ration des haies anciennes<\/li>\n<li>taille d&rsquo;entretien des arbustes&nbsp;: les diff\u00e9rents types d\u2019arbustes (architecture, ph\u00e9nologie, aspects d\u00e9coratifs&#8230;), les m\u00e9thodes g\u00e9n\u00e9rales de taille en fonction des v\u00e9g\u00e9taux et du niveau d&rsquo;entretien du site (tailles courtes, d&rsquo;\u00e9claircie, d&rsquo;\u00e9claircie-r\u00e9duction, rec\u00e9pages&#8230;), les p\u00e9riodes de taille, les outils adapt\u00e9s&#8230;, et les moyens pour \u00e9viter d&rsquo;avoir \u00e0 tailler.<\/li>\n<li>taille de formation des arbres&nbsp;: ses objectifs, la d\u00e9marche d&rsquo;analyse pr\u00e9alable, les modes de d\u00e9veloppement des jeunes arbres, les principales op\u00e9rations de taille, comment et quand r\u00e9aliser les coupes&#8230;<\/li>\n<li>gestion diff\u00e9renti\u00e9e et durable des parcs et jardins&nbsp;: connaissance du patrimoine v\u00e9g\u00e9tal et animal, d\u00e9finition des objectifs d&rsquo;ensemble et de chaque espace particulier, mise en \u0153uvre de pratiques adapt\u00e9es (\u00e9conomiser l&rsquo;eau, \u00e9viter de consommer des mat\u00e9riaux fossiles, recycler les d\u00e9chets verts, respecter la faune sauvage&#8230;)&#8230;<\/li>\n<li>&#8230;<\/li>\n<\/ul>\n<p>Elles durent une demi-journ\u00e9e ou une journ\u00e9e, parfois plus, et sont anim\u00e9es principalement par <a title=\"Les cr\u00e9ateurs\" href=\"http:\/\/www.lapetiteloiterie.fr\/lpl\/acteurs\/createurs\/#jac_boutaud\">Jac Boutaud<\/a>.<\/p>\n<p>Selon les th\u00e8mes et les souhaits des organisateurs, une partie th\u00e9orique en salle peut \u00eatre organis\u00e9e.<\/p>\n<p>L&rsquo;arboretum, du fait de sa vocation p\u00e9dagogique, accueille aussi parfois des formations assur\u00e9es par des intervenants ext\u00e9rieurs.<\/p>\n<h3>Agenda des prochaines formations planifi\u00e9es<\/h3>\n<p><!--Pas de dates fix\u00e9es pour l'instant : nous vous les communiquerons d\u00e8s que possible!--><\/p>\n<ul class=\"cal\">\n<li><span>du 8 au 10 avril 2026&nbsp;: <\/span><a href=\"https:\/\/www.lapetiteloiterie.fr\/lpl\/art\/taille-arbres-architecture\/\">architecture et taille de formation des arbres d\u2019ornement<\/a><\/li>\n<li><span>les 9 et 10 juin 2026&nbsp;: <\/span><a href=\"https:\/\/www.lapetiteloiterie.fr\/lpl\/art\/arbres-changement-climatique\/\">les arbres face au changement climatique<\/a><\/li>\n<li><span>les 17 et 18 novembre 2026&nbsp;: <\/span><a href=\"http:\/\/www.lapetiteloiterie.fr\/lpl\/art\/taille-raisonnee-arbustes\/\">la taille raisonn\u00e9e des arbustes d\u2019ornement<\/a><\/li>\n<\/ul>\n<h3>Formations propos\u00e9es<\/h3>\n<ul class=\"lcp_catlist\" id=\"lcp_instance_0\"><li><a href=\"https:\/\/www.lapetiteloiterie.fr\/lpl\/art\/arbres-changement-climatique\/\">Les arbres face au changement climatique<\/a><a href=\"https:\/\/www.lapetiteloiterie.fr\/lpl\/art\/arbres-changement-climatique\/\" title=\"Les arbres face au changement climatique\"><img loading=\"lazy\" decoding=\"async\" width=\"320\" height=\"80\" src=\"https:\/\/www.lapetiteloiterie.fr\/lpl\/wp-content\/uploads\/P1383835.jpg\" class=\"lcp_thumbnail wp-post-image\" alt=\"Les arbres face au changement climatique\" srcset=\"https:\/\/www.lapetiteloiterie.fr\/lpl\/wp-content\/uploads\/P1383835.jpg 1024w, https:\/\/www.lapetiteloiterie.fr\/lpl\/wp-content\/uploads\/P1383835-320x80.jpg 320w, https:\/\/www.lapetiteloiterie.fr\/lpl\/wp-content\/uploads\/P1383835-768x192.jpg 768w, https:\/\/www.lapetiteloiterie.fr\/lpl\/wp-content\/uploads\/P1383835-624x156.jpg 624w\" sizes=\"auto, (max-width: 320px) 100vw, 320px\" title=\"Ch\u00eanes\" \/><\/a><div class=\"lcp_excerpt\">La connaissance de l\u2019architecture des jeunes arbres permet de comprendre comment intervenir de fa\u00e7on pertinente au fil de leur formation, quelle que soit la fa\u00e7on dont ils construisent leur tronc.\n<\/div><\/li><li><a href=\"https:\/\/www.lapetiteloiterie.fr\/lpl\/art\/arbustes-gestion-differenciee\/\">Les arbustes d\u2019ornement&nbsp;: bien les conna\u00eetre pour mieux les int\u00e9grer dans la gestion diff\u00e9renci\u00e9e<\/a><a href=\"https:\/\/www.lapetiteloiterie.fr\/lpl\/art\/arbustes-gestion-differenciee\/\" title=\"Les arbustes d\u2019ornement&nbsp;: bien les conna\u00eetre pour mieux les int\u00e9grer dans la gestion diff\u00e9renci\u00e9e\"><img loading=\"lazy\" decoding=\"async\" width=\"320\" height=\"240\" src=\"https:\/\/www.lapetiteloiterie.fr\/lpl\/wp-content\/uploads\/Vue_ensemble_groupe-320x240.jpg\" class=\"lcp_thumbnail wp-post-image\" alt=\"Les arbustes d\u2019ornement&nbsp;: bien les conna\u00eetre pour mieux les int\u00e9grer dans la gestion diff\u00e9renci\u00e9e\" srcset=\"https:\/\/www.lapetiteloiterie.fr\/lpl\/wp-content\/uploads\/Vue_ensemble_groupe-320x240.jpg 320w, https:\/\/www.lapetiteloiterie.fr\/lpl\/wp-content\/uploads\/Vue_ensemble_groupe-160x120.jpg 160w\" sizes=\"auto, (max-width: 320px) 100vw, 320px\" title=\"Un groupe en formation\" \/><\/a><div class=\"lcp_excerpt\">Une connaissance approfondie des modes de croissance et des processus de d\u00e9veloppement des arbustes d&rsquo;ornement, pour \u00e9viter des erreurs d&rsquo;am\u00e9nagement et de gestion co\u00fbteuses.\n<\/div><\/li><li><a href=\"https:\/\/www.lapetiteloiterie.fr\/lpl\/art\/architecture-schema-arbustes\/\">Architecture et repr\u00e9sentation sch\u00e9matique des arbustes<\/a><a href=\"https:\/\/www.lapetiteloiterie.fr\/lpl\/art\/architecture-schema-arbustes\/\" title=\"Architecture et repr\u00e9sentation sch\u00e9matique des arbustes\"><img loading=\"lazy\" decoding=\"async\" width=\"320\" height=\"240\" src=\"https:\/\/www.lapetiteloiterie.fr\/lpl\/wp-content\/uploads\/DSC07974-320x240.jpg\" class=\"lcp_thumbnail wp-post-image\" alt=\"Architecture et repr\u00e9sentation sch\u00e9matique des arbustes\" srcset=\"https:\/\/www.lapetiteloiterie.fr\/lpl\/wp-content\/uploads\/DSC07974-320x240.jpg 320w, https:\/\/www.lapetiteloiterie.fr\/lpl\/wp-content\/uploads\/DSC07974-160x120.jpg 160w\" sizes=\"auto, (max-width: 320px) 100vw, 320px\" title=\"Exemple de basitonie sur un cornouiller\" \/><\/a><div class=\"lcp_excerpt\">Conna\u00eetre le d\u00e9veloppement v\u00e9g\u00e9tatif des arbustes, savoir les d\u00e9crire, et utiliser cette connaissance pour les choisir en fonction des objectifs, et pour prescrire des modes de conduite adapt\u00e9s.\n<\/div><\/li><li><a href=\"https:\/\/www.lapetiteloiterie.fr\/lpl\/art\/plessage-haies\/\">Le plessage des haies<\/a><a href=\"https:\/\/www.lapetiteloiterie.fr\/lpl\/art\/plessage-haies\/\" title=\"Le plessage des haies\"><img loading=\"lazy\" decoding=\"async\" width=\"320\" height=\"240\" src=\"https:\/\/www.lapetiteloiterie.fr\/lpl\/wp-content\/uploads\/Plessage\u00a9DM_DominiqueMansion-320x240.jpg\" class=\"lcp_thumbnail wp-post-image\" alt=\"Le plessage des haies\" srcset=\"https:\/\/www.lapetiteloiterie.fr\/lpl\/wp-content\/uploads\/Plessage\u00a9DM_DominiqueMansion-320x240.jpg 320w, https:\/\/www.lapetiteloiterie.fr\/lpl\/wp-content\/uploads\/Plessage\u00a9DM_DominiqueMansion-160x120.jpg 160w\" sizes=\"auto, (max-width: 320px) 100vw, 320px\" title=\"Plessage sous la neige\" \/><\/a><div class=\"lcp_excerpt\">Apprendre \u00e0 se lancer dans la cr\u00e9ation d\u2019une cl\u00f4ture vivante \u00e0 partir des essences de la haie champ\u00eatre, voire celles des haies horticoles. \n<\/div><\/li><li><a href=\"https:\/\/www.lapetiteloiterie.fr\/lpl\/art\/reussir-amenagement-paysager\/\">R\u00e9ussir son am\u00e9nagement paysager autour de la maison<\/a><a href=\"https:\/\/www.lapetiteloiterie.fr\/lpl\/art\/reussir-amenagement-paysager\/\" title=\"R\u00e9ussir son am\u00e9nagement paysager autour de la maison\"><img loading=\"lazy\" decoding=\"async\" width=\"320\" height=\"240\" src=\"https:\/\/www.lapetiteloiterie.fr\/lpl\/wp-content\/uploads\/Mahonia-320x240.jpg\" class=\"lcp_thumbnail wp-post-image\" alt=\"R\u00e9ussir son am\u00e9nagement paysager autour de la maison\" srcset=\"https:\/\/www.lapetiteloiterie.fr\/lpl\/wp-content\/uploads\/Mahonia-320x240.jpg 320w, https:\/\/www.lapetiteloiterie.fr\/lpl\/wp-content\/uploads\/Mahonia-160x120.jpg 160w\" sizes=\"auto, (max-width: 320px) 100vw, 320px\" title=\"Un Mahonia\" \/><\/a><div class=\"lcp_excerpt\">Acqu\u00e9rir les m\u00e9thodes et les principales connaissances n\u00e9cessaires \u00e0 un bon usage des arbres et arbustes dans nos jardins.\n<\/div><\/li><li><a href=\"https:\/\/www.lapetiteloiterie.fr\/lpl\/art\/taille-arbres-architecture\/\">Architecture et  taille de formation des arbres d&rsquo;ornement<\/a><a href=\"https:\/\/www.lapetiteloiterie.fr\/lpl\/art\/taille-arbres-architecture\/\" title=\"Architecture et  taille de formation des arbres d&#039;ornement\"><img loading=\"lazy\" decoding=\"async\" width=\"320\" height=\"240\" src=\"https:\/\/www.lapetiteloiterie.fr\/lpl\/wp-content\/uploads\/DSC04386-320x240.jpg\" class=\"lcp_thumbnail wp-post-image\" alt=\"Architecture et  taille de formation des arbres d&#039;ornement\" srcset=\"https:\/\/www.lapetiteloiterie.fr\/lpl\/wp-content\/uploads\/DSC04386-320x240.jpg 320w, https:\/\/www.lapetiteloiterie.fr\/lpl\/wp-content\/uploads\/DSC04386-160x120.jpg 160w\" sizes=\"auto, (max-width: 320px) 100vw, 320px\" title=\"Exemple de plagiotropie\" \/><\/a><div class=\"lcp_excerpt\">La connaissance de l\u2019architecture des jeunes arbres permet de comprendre comment intervenir de fa\u00e7on pertinente au fil de leur formation, quelle que soit la fa\u00e7on dont ils construisent leur tronc.\n<\/div><\/li><li><a href=\"https:\/\/www.lapetiteloiterie.fr\/lpl\/art\/taille-formation-arbres\/\">La taille de formation des arbres d\u2019ornement<\/a><a href=\"https:\/\/www.lapetiteloiterie.fr\/lpl\/art\/taille-formation-arbres\/\" title=\"La taille de formation des arbres d\u2019ornement\"><img loading=\"lazy\" decoding=\"async\" width=\"320\" height=\"240\" src=\"https:\/\/www.lapetiteloiterie.fr\/lpl\/wp-content\/uploads\/DSCF1218-320x240.jpg\" class=\"lcp_thumbnail wp-post-image\" alt=\"La taille de formation des arbres d\u2019ornement\" srcset=\"https:\/\/www.lapetiteloiterie.fr\/lpl\/wp-content\/uploads\/DSCF1218-320x240.jpg 320w, https:\/\/www.lapetiteloiterie.fr\/lpl\/wp-content\/uploads\/DSCF1218-160x120.jpg 160w\" sizes=\"auto, (max-width: 320px) 100vw, 320px\" title=\"Exemple de remont\u00e9e de couronne\" \/><\/a><div class=\"lcp_excerpt\">La taille de formation des arbres est une \u00e9tape indispensable de la bonne gestion du patrimoine arbor\u00e9. Elle permet de pr\u00e9parer l\u2019arbre \u00e0 ses contraintes et aux objectifs qui lui sont fix\u00e9s, et limite souvent le recours \u00e0 des interventions tardives qui s\u2019av\u00e8rent co\u00fbteuses et mutilantes\n<\/div><\/li><li><a href=\"https:\/\/www.lapetiteloiterie.fr\/lpl\/art\/taille-raisonnee-arbustes\/\">La taille raisonn\u00e9e des arbustes d\u2019ornement<\/a><a href=\"https:\/\/www.lapetiteloiterie.fr\/lpl\/art\/taille-raisonnee-arbustes\/\" title=\"La taille raisonn\u00e9e des arbustes d\u2019ornement\"><img loading=\"lazy\" decoding=\"async\" width=\"320\" height=\"240\" src=\"https:\/\/www.lapetiteloiterie.fr\/lpl\/wp-content\/uploads\/DSCF9722-320x240.jpg\" class=\"lcp_thumbnail wp-post-image\" alt=\"La taille raisonn\u00e9e des arbustes d\u2019ornement\" srcset=\"https:\/\/www.lapetiteloiterie.fr\/lpl\/wp-content\/uploads\/DSCF9722-320x240.jpg 320w, https:\/\/www.lapetiteloiterie.fr\/lpl\/wp-content\/uploads\/DSCF9722-160x120.jpg 160w\" sizes=\"auto, (max-width: 320px) 100vw, 320px\" title=\"Taille d&#039;\u00e9claircie sur Viburnum opulus\" \/><\/a><div class=\"lcp_excerpt\">La taille d\u2019entretien des arbustes d\u2019ornement constitue des charges horaires et financi\u00e8res tr\u00e8s importantes pour les collectivit\u00e9s : comment limiter ces contraintes tout en am\u00e9liorant la contribution ornementale des arbustes aux am\u00e9nagements paysagers.\n<\/div><\/li><\/ul>\n","protected":false},"excerpt":{"rendered":"<p>Ces formations s&rsquo;adressent surtout \u00e0 un public de professionnels et \u00e9tudiants, mais elles peuvent \u00eatre mises en place pour des amateurs \u00e9clair\u00e9s. Elles portent sur des th\u00e8mes vari\u00e9s, et s&rsquo;appuient \u00e0 chaque fois sur les potentialit\u00e9s p\u00e9dagogiques de l&rsquo;arboretum&nbsp;: reconnaissance des v\u00e9g\u00e9taux par l&rsquo;observation comparative (d\u00e9marche g\u00e9n\u00e9rale, essences particuli\u00e8res, plantes des r\u00e9f\u00e9rentiels de formation&#8230;) choisir [&hellip;]<\/p>\n","protected":false},"author":1,"featured_media":719,"parent":29,"menu_order":5,"comment_status":"closed","ping_status":"closed","template":"","meta":{"footnotes":""},"class_list":["post-194","page","type-page","status-publish","has-post-thumbnail","hentry"],"_links":{"self":[{"href":"https:\/\/www.lapetiteloiterie.fr\/lpl\/wp-json\/wp\/v2\/pages\/194","targetHints":{"allow":["GET"]}}],"collection":[{"href":"https:\/\/www.lapetiteloiterie.fr\/lpl\/wp-json\/wp\/v2\/pages"}],"about":[{"href":"https:\/\/www.lapetiteloiterie.fr\/lpl\/wp-json\/wp\/v2\/types\/page"}],"author":[{"embeddable":true,"href":"https:\/\/www.lapetiteloiterie.fr\/lpl\/wp-json\/wp\/v2\/users\/1"}],"replies":[{"embeddable":true,"href":"https:\/\/www.lapetiteloiterie.fr\/lpl\/wp-json\/wp\/v2\/comments?post=194"}],"version-history":[{"count":35,"href":"https:\/\/www.lapetiteloiterie.fr\/lpl\/wp-json\/wp\/v2\/pages\/194\/revisions"}],"predecessor-version":[{"id":3663,"href":"https:\/\/www.lapetiteloiterie.fr\/lpl\/wp-json\/wp\/v2\/pages\/194\/revisions\/3663"}],"up":[{"embeddable":true,"href":"https:\/\/www.lapetiteloiterie.fr\/lpl\/wp-json\/wp\/v2\/pages\/29"}],"wp:featuredmedia":[{"embeddable":true,"href":"https:\/\/www.lapetiteloiterie.fr\/lpl\/wp-json\/wp\/v2\/media\/719"}],"wp:attachment":[{"href":"https:\/\/www.lapetiteloiterie.fr\/lpl\/wp-json\/wp\/v2\/media?parent=194"}],"curies":[{"name":"wp","href":"https:\/\/api.w.org\/{rel}","templated":true}]}}