{"id":2,"date":"2013-10-23T17:46:17","date_gmt":"2013-10-23T15:46:17","guid":{"rendered":"http:\/\/lapetiteloiterie.fr\/lpl\/\/?page_id=2"},"modified":"2026-04-26T15:33:38","modified_gmt":"2026-04-26T13:33:38","slug":"accueil","status":"publish","type":"page","link":"https:\/\/www.lapetiteloiterie.fr\/lpl\/","title":{"rendered":"Bienvenue sur le site (virtuel) de l&rsquo;arboretum de La Petite Loiterie"},"content":{"rendered":"\n<p><\/p>\n\n\n<div id=\"accueil_intro\" style=\"clear: both;\">\n<p><img loading=\"lazy\" decoding=\"async\" class=\"alignleft size-large wp-image-2158\" title=\"De la neige en mai ? Non... la manne des peupliers !\" src=\"http:\/\/www.lapetiteloiterie.fr\/lpl\/wp-content\/uploads\/05MAI-1280x960.jpg\" alt=\"\" width=\"625\" height=\"469\" \/><\/p>\n<p>Vous pouvez d\u00e8s \u00e0 pr\u00e9sent suivre la <a title=\"Pr\u00e9sentation de l\u2019arboretum\" href=\"http:\/\/www.lapetiteloiterie.fr\/lpl\/presentation\/\">pr\u00e9sentation de l&rsquo;arboretum<\/a>.<br \/>Vous pouvez \u00e9galement prendre connaissance des <a title=\"Les activit\u00e9s\" href=\"http:\/\/www.lapetiteloiterie.fr\/lpl\/activites\/\">activit\u00e9s<\/a> qui s&rsquo;y d\u00e9roulent, en d\u00e9couvrir les <a title=\"Les acteurs\" href=\"http:\/\/www.lapetiteloiterie.fr\/lpl\/acteurs\/\">acteurs <\/a>&#8230; ou encore consulter les pages consacr\u00e9es aux <a title=\"Suivis et \u00e9tudes\" href=\"http:\/\/www.lapetiteloiterie.fr\/lpl\/suivis_etudes\/\">suivis et \u00e9tudes<\/a> qui y sont men\u00e9s.<br \/>Cette visite vous donnera, nous l&rsquo;esp\u00e9rons, envie d&rsquo;une visite non plus virtuelle, mais bien r\u00e9elle \u00ab\u00a0in situ\u00a0\u00bb, c&rsquo;est \u00e0 dire sur le site en chair et en os, euh pardon&#8230; en feuilles et en troncs\u00a0!<\/p>\n<\/div>\n<div id=\"accueil_prochain\">\n<h2>Prochainement<\/h2>\n<p style=\"margin-top: -3%;\">(notre programme complet jusqu&rsquo;\u00e0 fin 2026 est sur la page <a title=\"Agenda\" href=\"http:\/\/www.lapetiteloiterie.fr\/lpl\/agenda\/\">Agenda<\/a>).<\/p>\n<ul class=\"cal toutseul\">\n<li><span>samedi 30 mai, \u00e0 15h<\/span>animation (3h)<ul class=\"toutseul\" id=\"lcp_instance_0\"><li><a href=\"https:\/\/www.lapetiteloiterie.fr\/lpl\/art\/05-arbres-petits-jardins\/\">Mai\u00a0: les arbres d\u2019ornement pour les petits jardins<\/a><a href=\"https:\/\/www.lapetiteloiterie.fr\/lpl\/art\/05-arbres-petits-jardins\/\" title=\"Mai\u00a0: les arbres d\u2019ornement pour les petits jardins\"><img loading=\"lazy\" decoding=\"async\" width=\"320\" height=\"80\" src=\"https:\/\/www.lapetiteloiterie.fr\/lpl\/wp-content\/uploads\/DSC02209-320x80.jpg\" class=\"lcp_thumbnail wp-post-image\" alt=\"Mai\u00a0: les arbres d\u2019ornement pour les petits jardins\" srcset=\"https:\/\/www.lapetiteloiterie.fr\/lpl\/wp-content\/uploads\/DSC02209-320x80.jpg 320w, https:\/\/www.lapetiteloiterie.fr\/lpl\/wp-content\/uploads\/DSC02209-624x156.jpg 624w, https:\/\/www.lapetiteloiterie.fr\/lpl\/wp-content\/uploads\/DSC02209.jpg 1024w\" sizes=\"auto, (max-width: 320px) 100vw, 320px\" title=\"Albizzia julibrissin\" \/><\/a><div class=\"lcp_excerpt\">&nbsp;\n<\/div><\/li><\/ul><\/li>\n<li><span>dimanche 31 mai, \u00e0 15h<\/span><a title=\"Visites\" href=\"http:\/\/www.lapetiteloiterie.fr\/lpl\/activites\/visites\/\">visite guid\u00e9e (2h)<img loading=\"lazy\" decoding=\"async\" class=\"attachment-320x240 wp-post-image\" src=\"http:\/\/www.lapetiteloiterie.fr\/lpl\/wp-content\/uploads\/Visite.jpg\" srcset=\"http:\/\/www.lapetiteloiterie.fr\/lpl\/wp-content\/uploads\/Visite-320x80.jpg 320w, http:\/\/www.lapetiteloiterie.fr\/lpl\/wp-content\/uploads\/Visite-624x156.jpg 624w, http:\/\/www.lapetiteloiterie.fr\/lpl\/wp-content\/uploads\/Visite.jpg 1024w\" alt=\"Jac Boutaud animant une visite\" width=\"320\" height=\"80\" \/><\/a><\/li>\n<li><span>samedi 6 juin, \u00e0 15h<\/span><a title=\"Visites\" href=\"http:\/\/www.lapetiteloiterie.fr\/lpl\/activites\/visites\/\">visite guid\u00e9e (2h)<\/a> sur le th\u00e8me \u00ab\u00a0La vue\u00a0\u00bb<br \/>dans le cadre de l&rsquo;op\u00e9ration <a href=\"https:\/\/rendezvousauxjardins.culture.gouv.fr\/\" target=\"_blank\" rel=\"noopener noreferrer\">Rendez-vous aux jardins<img loading=\"lazy\" decoding=\"async\" class=\"attachment-320x240 wp-post-image\" src=\"http:\/\/www.lapetiteloiterie.fr\/lpl\/wp-content\/uploads\/RDVJARDINS2026.jpg\" srcset=\"http:\/\/www.lapetiteloiterie.fr\/lpl\/wp-content\/uploads\/RDVJARDINS2026-320x80.jpg 320w, http:\/\/www.lapetiteloiterie.fr\/lpl\/wp-content\/uploads\/RDVJARDINS2026-624x156.jpg 624w, http:\/\/www.lapetiteloiterie.fr\/lpl\/wp-content\/uploads\/RDVJARDINS2026.jpg 1024w\" alt=\"\" width=\"320\" height=\"80\" \/><\/a><\/li>\n<li><span>dimanche 7 juin, \u00e0 15h<\/span><a title=\"Visites\" href=\"http:\/\/www.lapetiteloiterie.fr\/lpl\/activites\/visites\/\">visite guid\u00e9e (2h)<\/a> sur le th\u00e8me \u00ab\u00a0La vue\u00a0\u00bb <br \/>dans le cadre de l&rsquo;op\u00e9ration <a href=\"https:\/\/rendezvousauxjardins.culture.gouv.fr\/\" target=\"_blank\" rel=\"noopener noreferrer\">Rendez-vous aux jardins<img loading=\"lazy\" decoding=\"async\" class=\"attachment-320x240 wp-post-image\" src=\"http:\/\/www.lapetiteloiterie.fr\/lpl\/wp-content\/uploads\/RDVJARDINS2026.jpg\" srcset=\"http:\/\/www.lapetiteloiterie.fr\/lpl\/wp-content\/uploads\/RDVJARDINS2026-320x80.jpg 320w, http:\/\/www.lapetiteloiterie.fr\/lpl\/wp-content\/uploads\/RDVJARDINS2026-624x156.jpg 624w, http:\/\/www.lapetiteloiterie.fr\/lpl\/wp-content\/uploads\/RDVJARDINS2026.jpg 1024w\" alt=\"\" width=\"320\" height=\"80\" \/><\/a><\/li>\n<\/ul>\n<p><!--<span>samedi 18 avril, \u00e0 21h <br \/><strong> Inscription obligatoire 48h \u00e0 l'avance<\/strong> <\/span>animation<br \/><a href=\"http:\/\/www.lapetiteloiterie.fr\/lpl\/activites\/animations-mares\/\">rencontre nocturne avec les habitants des mares<\/a><img loading=\"lazy\" decoding=\"async\" class=\"attachment-320x240 wp-post-image\" src=\"http:\/\/www.lapetiteloiterie.fr\/lpl\/wp-content\/uploads\/Salamandre.jpg\" sizes=\"auto, (max-width: 320px) 100vw, 320px\" srcset=\"http:\/\/www.lapetiteloiterie.fr\/lpl\/wp-content\/uploads\/Salamandre-320x80.jpg 320w, http:\/\/www.lapetiteloiterie.fr\/lpl\/wp-content\/uploads\/Salamandre-624x156.jpg 624w, http:\/\/www.lapetiteloiterie.fr\/lpl\/wp-content\/uploads\/Salamandre.jpg 1024w\" alt=\"Une salamandre\" width=\"320\" height=\"80\" \/>Attention, pr\u00e9voir bottes, lampes de poche et v\u00eatements chauds\u00a0!<span>dimanche 19 avril, \u00e0 15h <br \/><strong> Inscription obligatoire 48h \u00e0 l'avance<\/strong> <\/span>animation<br \/><a href=\"http:\/\/www.lapetiteloiterie.fr\/lpl\/activites\/animations-mares\/\">les habitants des mares<\/a><img loading=\"lazy\" decoding=\"async\" class=\"attachment-320x240 wp-post-image\" src=\"http:\/\/www.lapetiteloiterie.fr\/lpl\/wp-content\/uploads\/Salamandre.jpg\" sizes=\"auto, (max-width: 320px) 100vw, 320px\" srcset=\"http:\/\/www.lapetiteloiterie.fr\/lpl\/wp-content\/uploads\/Salamandre-320x80.jpg 320w, http:\/\/www.lapetiteloiterie.fr\/lpl\/wp-content\/uploads\/Salamandre-624x156.jpg 624w, http:\/\/www.lapetiteloiterie.fr\/lpl\/wp-content\/uploads\/Salamandre.jpg 1024w\" alt=\"Une salamandre\" width=\"320\" height=\"80\" \/>Attention, pr\u00e9voir des bottes\u00a0!-->\n<\/p>\n<\/div>\n\n<h2 id=\"a_la_une\">\u00c0 la une<\/h2>\n<h3>La <a title=\"Liste des esp\u00e8ces pr\u00e9sentes\" href=\"https:\/\/www.lapetiteloiterie.fr\/lpl\/presentation\/especes\/\">liste des esp\u00e8ces pr\u00e9sentes<\/a> a \u00e9t\u00e9 de nouveau mise \u00e0 jour\u00a0!<\/h3>\n<p>Riche de plus de 3000 taxons, elle comprend maintenant un grand nombre de noms fran\u00e7ais, et nous la compl\u00e9terons encore sous peu, avec les noms fran\u00e7ais manquants et les synonymes les plus indispensables.<\/p>\n<h3><a href=\"https:\/\/www.lapetiteloiterie.fr\/lpl\/actualites\/journee_140525\">Journ\u00e9e d&rsquo;\u00e9tude et d&rsquo;\u00e9changes \u00e0 l&rsquo;occasion des trente ans des premi\u00e8res plantations<\/a><\/h3>\n<p><a href=\"https:\/\/www.lapetiteloiterie.fr\/lpl\/actualites\/journee_140525\"><img decoding=\"async\" class=\"alignleft size-medium\" src=\"https:\/\/www.lapetiteloiterie.fr\/lpl\/wp-content\/uploads\/Vueduciel250514.jpg\" alt=\"\" width=\"50%\" \/><\/a>Le 14 mai 2025, une journ\u00e9e professionnelle d&rsquo;\u00e9tude et d&rsquo;\u00e9changes s\u2019est tenue \u00e0 la Petite Loiterie. Vous pouvez en savoir plus en consultant la <a href=\"https:\/\/www.lapetiteloiterie.fr\/lpl\/actualites\/journee_140525\">page<\/a> que nous lui avons consacr\u00e9e. Elle en pr\u00e9sente les objectifs, le d\u00e9roul\u00e9, la liste des structures pr\u00e9sentes&#8230; mais aussi les affiches de l&rsquo;exposition mise en place pour l&rsquo;occasion, ainsi que les vid\u00e9os des diff\u00e9rentes interventions.<\/p>\n<h3>Animation par Jac Boutaud d&rsquo;un webmodule de l&rsquo;APJRC<\/h3>\n<div style=\"width: 45%; float: left;\">\n<div data-mode=\"normal\" data-oembed=\"1\" data-provider=\"youtube\" id=\"arve-youtube-pic4msz_fby\" class=\"arve\">\n\t<div class=\"arve-inner\">\n\t\t<div style=\"aspect-ratio:625\/352\" class=\"arve-embed arve-embed--has-aspect-ratio\">\n\t\t\t<div class=\"arve-ar\" style=\"padding-top:56.320000%\"><\/div>\n\t\t\t<iframe allow=\"accelerometer &#039;none&#039;;autoplay &#039;none&#039;;bluetooth &#039;none&#039;;browsing-topics &#039;none&#039;;camera &#039;none&#039;;clipboard-read &#039;none&#039;;clipboard-write;display-capture &#039;none&#039;;encrypted-media &#039;none&#039;;gamepad &#039;none&#039;;geolocation &#039;none&#039;;gyroscope &#039;none&#039;;hid &#039;none&#039;;identity-credentials-get &#039;none&#039;;idle-detection &#039;none&#039;;keyboard-map &#039;none&#039;;local-fonts;magnetometer &#039;none&#039;;microphone &#039;none&#039;;midi &#039;none&#039;;otp-credentials &#039;none&#039;;payment &#039;none&#039;;picture-in-picture;publickey-credentials-create &#039;none&#039;;publickey-credentials-get &#039;none&#039;;screen-wake-lock &#039;none&#039;;serial &#039;none&#039;;summarizer &#039;none&#039;;sync-xhr;usb &#039;none&#039;;web-share;window-management &#039;none&#039;;xr-spatial-tracking &#039;none&#039;;\" allowfullscreen=\"\" class=\"arve-iframe fitvidsignore\" credentialless data-arve=\"arve-youtube-pic4msz_fby\" data-lenis-prevent=\"\" data-src-no-ap=\"https:\/\/www.youtube.com\/embed\/PiC4MSZ_FBY?feature=oembed&amp;iv_load_policy=3&amp;modestbranding=1&amp;rel=0&amp;autohide=1&amp;playsinline=0&amp;rel=0&amp;showinfo=0&amp;widget_referrer=http%3A%2F%2Fwww.lapetiteloiterie.fr%2Flpl%2F&amp;autoplay=0\" frameborder=\"0\" height=\"0\" loading=\"lazy\" name=\"\" referrerpolicy=\"strict-origin-when-cross-origin\" sandbox=\"allow-scripts allow-same-origin allow-presentation allow-popups allow-popups-to-escape-sandbox\" scrolling=\"no\" src=\"https:\/\/www.youtube.com\/embed\/PiC4MSZ_FBY?feature=oembed&#038;iv_load_policy=3&#038;modestbranding=1&#038;rel=0&#038;autohide=1&#038;playsinline=0&#038;rel=0&#038;showinfo=0&#038;widget_referrer=http%3A%2F%2Fwww.lapetiteloiterie.fr%2Flpl%2F&#038;autoplay=0\" title=\"\" width=\"0\"><\/iframe>\n\t\t\t\n\t\t<\/div>\n\t\t\n\t<\/div>\n\t\n\t\n\t<script type=\"application\/ld+json\">{\"@context\":\"http:\\\/\\\/schema.org\\\/\",\"@id\":\"https:\\\/\\\/www.lapetiteloiterie.fr\\\/lpl\\\/#arve-youtube-pic4msz_fby\",\"type\":\"VideoObject\",\"embedURL\":\"https:\\\/\\\/www.youtube.com\\\/embed\\\/PiC4MSZ_FBY?feature=oembed&iv_load_policy=3&modestbranding=1&rel=0&autohide=1&playsinline=0&amp;rel=0&amp;showinfo=0&amp;widget_referrer=http%3A%2F%2Fwww.lapetiteloiterie.fr%2Flpl%2F&autoplay=0\",\"thumbnailUrl\":\"https:\\\/\\\/www.lapetiteloiterie.fr\\\/lpl\\\/wp-content\\\/uploads\\\/SNHFWebinaire.jpg\"}<\/script>\n\t\n<\/div><\/div>\n<div style=\"width: 49%; float: left; margin-left: 3%;\">\n<p>Ce webmodule, intitul\u00e9 \u00ab\u00a0Arbres et changement climatique\u00a0\u00bb, a \u00e9t\u00e9 enregistr\u00e9 en direct le 21 novembre 2024 apr\u00e8s-midi.<br \/>Vous pouvez consulter l&rsquo;ensemble des webmodules de l&rsquo;Association des Parcs et Jardins en R\u00e9gion Centre (APJRC) sur la <a title=\"Webmodules techniques 2024\" href=\"https:\/\/www.jardins-de-france.com\/node\/4045\" target=\"_blank\" rel=\"noopener noreferrer\">page d\u00e9di\u00e9e<\/a> de leur site internet.<br \/>Voici l&rsquo;intervention de Jac Boutaud.<br \/><em>Dur\u00e9e\u00a0: 2:04:16<br \/>(n&rsquo;h\u00e9sitez pas \u00e0 monter la qualit\u00e9 vid\u00e9o \u00e0 l&rsquo;aide de la roue dent\u00e9e&#8230; et \u00e0 passer en plein \u00e9cran.)<\/em><\/p>\n<\/div>\n<h3>Un nouveau m\u00e9c\u00e8ne pour l&rsquo;arboretum : <a href=\"https:\/\/www.pellenc.com\" target=\"_blank\" rel=\"noopener noreferrer\">Pellenc<\/a><\/h3>\n<p><a href=\"https:\/\/www.pellenc.com\" target=\"_blank\" rel=\"noopener noreferrer\"><img loading=\"lazy\" decoding=\"async\" class=\"alignleft size-full wp-image-1061 logo\" src=\"https:\/\/www.lapetiteloiterie.fr\/lpl\/wp-content\/uploads\/201703_LOGO_PELLENC-SA_GRIS-FONCE_QUADRI.png\" srcset=\"https:\/\/www.lapetiteloiterie.fr\/lpl\/wp-content\/uploads\/201703_LOGO_PELLENC-SA_GRIS-FONCE_QUADRI.png 205w\" alt=\"Pellenc\" width=\"205\" height=\"75\" data-sizes=\"(max-width: 205px) 100vw, 205px\" \/><\/a>La soci\u00e9t\u00e9 Pellenc, sp\u00e9cialiste du mat\u00e9riel pour l&rsquo;arboriculture, la viticulture et les espaces verts, nous a fourni gracieusement en janvier 2023 un s\u00e9cateur \u00e9lectrique C45 et sa batterie, avec un d\u00e9placement \u00e0 l&rsquo;arboretum du repr\u00e9sentant r\u00e9gional pour sa mise en route.<\/p>\n<h3>Nos <a title=\"Tarifs\" href=\"http:\/\/www.lapetiteloiterie.fr\/lpl\/tarifs\">tarifs<\/a> de visites et animations ont augment\u00e9 au 1<sup>er<\/sup> janvier 2023.<\/h3>\n<h3>Participation de Jac Boutaud \u00e0 un webinaire organis\u00e9 par la SNFH<\/h3>\n<div style=\"width: 45%; float: left;\">\n<div data-mode=\"normal\" data-oembed=\"1\" data-provider=\"youtube\" id=\"arve-youtube-s-kn9najsro\" class=\"arve\">\n\t<div class=\"arve-inner\">\n\t\t<div style=\"aspect-ratio:625\/352\" class=\"arve-embed arve-embed--has-aspect-ratio\">\n\t\t\t<div class=\"arve-ar\" style=\"padding-top:56.320000%\"><\/div>\n\t\t\t<iframe allow=\"accelerometer &#039;none&#039;;autoplay &#039;none&#039;;bluetooth &#039;none&#039;;browsing-topics &#039;none&#039;;camera &#039;none&#039;;clipboard-read &#039;none&#039;;clipboard-write;display-capture &#039;none&#039;;encrypted-media &#039;none&#039;;gamepad &#039;none&#039;;geolocation &#039;none&#039;;gyroscope &#039;none&#039;;hid &#039;none&#039;;identity-credentials-get &#039;none&#039;;idle-detection &#039;none&#039;;keyboard-map &#039;none&#039;;local-fonts;magnetometer &#039;none&#039;;microphone &#039;none&#039;;midi &#039;none&#039;;otp-credentials &#039;none&#039;;payment &#039;none&#039;;picture-in-picture;publickey-credentials-create &#039;none&#039;;publickey-credentials-get &#039;none&#039;;screen-wake-lock &#039;none&#039;;serial &#039;none&#039;;summarizer &#039;none&#039;;sync-xhr;usb &#039;none&#039;;web-share;window-management &#039;none&#039;;xr-spatial-tracking &#039;none&#039;;\" allowfullscreen=\"\" class=\"arve-iframe fitvidsignore\" credentialless data-arve=\"arve-youtube-s-kn9najsro\" data-lenis-prevent=\"\" data-src-no-ap=\"https:\/\/www.youtube.com\/embed\/S-kn9Najsro?feature=oembed&amp;iv_load_policy=3&amp;modestbranding=1&amp;rel=0&amp;autohide=1&amp;playsinline=0&amp;rel=0&amp;showinfo=0&amp;widget_referrer=http%3A%2F%2Fwww.lapetiteloiterie.fr%2Flpl%2F&amp;autoplay=0\" frameborder=\"0\" height=\"0\" loading=\"lazy\" name=\"\" referrerpolicy=\"strict-origin-when-cross-origin\" sandbox=\"allow-scripts allow-same-origin allow-presentation allow-popups allow-popups-to-escape-sandbox\" scrolling=\"no\" src=\"https:\/\/www.youtube.com\/embed\/S-kn9Najsro?feature=oembed&#038;iv_load_policy=3&#038;modestbranding=1&#038;rel=0&#038;autohide=1&#038;playsinline=0&#038;rel=0&#038;showinfo=0&#038;widget_referrer=http%3A%2F%2Fwww.lapetiteloiterie.fr%2Flpl%2F&#038;autoplay=0\" title=\"\" width=\"0\"><\/iframe>\n\t\t\t\n\t\t<\/div>\n\t\t\n\t<\/div>\n\t\n\t\n\t<script type=\"application\/ld+json\">{\"@context\":\"http:\\\/\\\/schema.org\\\/\",\"@id\":\"https:\\\/\\\/www.lapetiteloiterie.fr\\\/lpl\\\/#arve-youtube-s-kn9najsro\",\"type\":\"VideoObject\",\"embedURL\":\"https:\\\/\\\/www.youtube.com\\\/embed\\\/S-kn9Najsro?feature=oembed&iv_load_policy=3&modestbranding=1&rel=0&autohide=1&playsinline=0&amp;rel=0&amp;showinfo=0&amp;widget_referrer=http%3A%2F%2Fwww.lapetiteloiterie.fr%2Flpl%2F&autoplay=0\",\"thumbnailUrl\":\"https:\\\/\\\/www.lapetiteloiterie.fr\\\/lpl\\\/wp-content\\\/uploads\\\/SNHFWebinaire.jpg\"}<\/script>\n\t\n<\/div><\/div>\n<div style=\"width: 49%; float: left; margin-left: 3%;\">\n<p>Ce webinaire, intitul\u00e9 \u00ab\u00a0Comprendre pour tailler\u00a0\u00bb, a eu lieu le 5 d\u00e9cembre 2022 apr\u00e8s-midi.<br \/>Vous pouvez consulter l&rsquo;ensemble du webinaire sur la <a title=\"Webinaire Comprendre pour tailler\" href=\"https:\/\/www.snhf.org\/webinaire-comprendre-pour-tailler-conseil-scientifique-et-section-arbres-et-arbustes-dornement\/\" target=\"_blank\" rel=\"noopener noreferrer\">page d\u00e9di\u00e9e du site de la SNHF<\/a>.<br \/>Voici l&rsquo;intervention de Jac Boutaud.<br \/><em>Dur\u00e9e\u00a0: 1:00:11<br \/>(n&rsquo;h\u00e9sitez pas \u00e0 monter la qualit\u00e9 vid\u00e9o \u00e0 l&rsquo;aide de la roue dent\u00e9e&#8230; et \u00e0 passer en plein \u00e9cran.)<\/em><\/p>\n<\/div>\n<h3>Une nouvelle animation<\/h3>\n<p><a href=\"https:\/\/www.lapetiteloiterie.fr\/lpl\/actualites\/animation-mycologie\/\"><img decoding=\"async\" class=\"alignleft size-medium\" src=\"http:\/\/www.lapetiteloiterie.fr\/lpl\/wp-content\/uploads\/DSC04222.jpg\" alt=\"\" width=\"240\" \/><\/a>Les champignons et les arbres, une histoire de symbiose\u00a0! <br \/><a title=\"Mycologie\" href=\"https:\/\/www.lapetiteloiterie.fr\/lpl\/actualites\/animation-mycologie\/\">Animation \u00ab Initiation \u00e0 la mycologie \u00bb<\/a><br \/>Nous avons exp\u00e9riment\u00e9 \u00e0 l&rsquo;automne 2021 cette nouvelle animation, qui se d\u00e9roule sur trois jours.<\/p>\n<h3>On parle de nous&#8230;<\/h3>\n<h4>Reportage dans le cadre de la s\u00e9rie M\u00e9moires du futur<\/h4>\n<div style=\"width: 45%; float: left;\">\n<div data-mode=\"normal\" data-oembed=\"1\" data-provider=\"youtube\" id=\"arve-youtube-npfiffmebmc\" class=\"arve\">\n\t<div class=\"arve-inner\">\n\t\t<div style=\"aspect-ratio:625\/352\" class=\"arve-embed arve-embed--has-aspect-ratio\">\n\t\t\t<div class=\"arve-ar\" style=\"padding-top:56.320000%\"><\/div>\n\t\t\t<iframe allow=\"accelerometer &#039;none&#039;;autoplay &#039;none&#039;;bluetooth &#039;none&#039;;browsing-topics &#039;none&#039;;camera &#039;none&#039;;clipboard-read &#039;none&#039;;clipboard-write;display-capture &#039;none&#039;;encrypted-media &#039;none&#039;;gamepad &#039;none&#039;;geolocation &#039;none&#039;;gyroscope &#039;none&#039;;hid &#039;none&#039;;identity-credentials-get &#039;none&#039;;idle-detection &#039;none&#039;;keyboard-map &#039;none&#039;;local-fonts;magnetometer &#039;none&#039;;microphone &#039;none&#039;;midi &#039;none&#039;;otp-credentials &#039;none&#039;;payment &#039;none&#039;;picture-in-picture;publickey-credentials-create &#039;none&#039;;publickey-credentials-get &#039;none&#039;;screen-wake-lock &#039;none&#039;;serial &#039;none&#039;;summarizer &#039;none&#039;;sync-xhr;usb &#039;none&#039;;web-share;window-management &#039;none&#039;;xr-spatial-tracking &#039;none&#039;;\" allowfullscreen=\"\" class=\"arve-iframe fitvidsignore\" credentialless data-arve=\"arve-youtube-npfiffmebmc\" data-lenis-prevent=\"\" data-src-no-ap=\"https:\/\/www.youtube.com\/embed\/NPFIFFmEBmc?feature=oembed&amp;iv_load_policy=3&amp;modestbranding=1&amp;rel=0&amp;autohide=1&amp;playsinline=0&amp;rel=0&amp;showinfo=0&amp;widget_referrer=http%3A%2F%2Fwww.lapetiteloiterie.fr%2Flpl%2F&amp;autoplay=0\" frameborder=\"0\" height=\"0\" loading=\"lazy\" name=\"\" referrerpolicy=\"strict-origin-when-cross-origin\" sandbox=\"allow-scripts allow-same-origin allow-presentation allow-popups allow-popups-to-escape-sandbox\" scrolling=\"no\" src=\"https:\/\/www.youtube.com\/embed\/NPFIFFmEBmc?feature=oembed&#038;iv_load_policy=3&#038;modestbranding=1&#038;rel=0&#038;autohide=1&#038;playsinline=0&#038;rel=0&#038;showinfo=0&#038;widget_referrer=http%3A%2F%2Fwww.lapetiteloiterie.fr%2Flpl%2F&#038;autoplay=0\" title=\"\" width=\"0\"><\/iframe>\n\t\t\t\n\t\t<\/div>\n\t\t\n\t<\/div>\n\t\n\t\n\t<script type=\"application\/ld+json\">{\"@context\":\"http:\\\/\\\/schema.org\\\/\",\"@id\":\"https:\\\/\\\/www.lapetiteloiterie.fr\\\/lpl\\\/#arve-youtube-npfiffmebmc\",\"type\":\"VideoObject\",\"embedURL\":\"https:\\\/\\\/www.youtube.com\\\/embed\\\/NPFIFFmEBmc?feature=oembed&iv_load_policy=3&modestbranding=1&rel=0&autohide=1&playsinline=0&amp;rel=0&amp;showinfo=0&amp;widget_referrer=http%3A%2F%2Fwww.lapetiteloiterie.fr%2Flpl%2F&autoplay=0\"}<\/script>\n\t\n<\/div><\/div>\n<div style=\"width: 49%; float: left; margin-left: 3%;\">\n<p>Ce nouveau reportage \u00e0 l&rsquo;Arboretum a \u00e9t\u00e9 r\u00e9alis\u00e9 par Philippe Minot dans le cadre de la s\u00e9rie <a href=\"https:\/\/www.jardins-de-france.com\/les-videos\/memoires-du-futur\" target=\"_blank\" rel=\"noopener noreferrer\">\u00ab\u00a0M\u00e9moires du futur\u00a0\u00bb<\/a> initi\u00e9e par la Drac et l&rsquo;Association des Parcs et Jardins de Centre Val de Loire.<br \/><em>Dur\u00e9e\u00a0: 13:03<br \/>(n&rsquo;h\u00e9sitez pas \u00e0 monter la qualit\u00e9 vid\u00e9o \u00e0 l&rsquo;aide de la roue dent\u00e9e&#8230; et \u00e0 passer en plein \u00e9cran.)<\/em><\/p>\n<\/div>\n<h4>Presse<\/h4>\n<p><a href=\"https:\/\/www.jardinsdefrance.org\/larboretum-de-la-petite-loiterie-un-parc-pedagogique\/\" target=\"_blank\" rel=\"noopener noreferrer\"><img decoding=\"async\" class=\"alignleft size-medium wp-image-2142\" src=\"http:\/\/www.lapetiteloiterie.fr\/lpl\/wp-content\/uploads\/649-1-170x240.png\" alt=\"\" width=\"80\" srcset=\"https:\/\/www.lapetiteloiterie.fr\/lpl\/wp-content\/uploads\/649-1-170x240.png 170w, https:\/\/www.lapetiteloiterie.fr\/lpl\/wp-content\/uploads\/649-1.png 607w\" sizes=\"(max-width: 170px) 100vw, 170px\" \/><\/a>La revue <a href=\"https:\/\/www.jardinsdefrance.org\/\" target=\"_blank\" rel=\"noopener noreferrer\">Jardins de France<\/a>, dans sa nouvelle rubrique \u00ab\u00a0Rencontres et d\u00e9couvertes\u00a0\u00bb publie un <a href=\"https:\/\/www.jardinsdefrance.org\/larboretum-de-la-petite-loiterie-un-parc-pedagogique\/\" target=\"_blank\" rel=\"noopener noreferrer\"><strong>article sur l&rsquo;arboretum<\/strong><\/a> dans son num\u00e9ro 649.<br \/>Jardins de France est la publication trimestrielle de la <a href=\"https:\/\/www.snhf.org\/\" target=\"_blank\" rel=\"noopener noreferrer\">Soci\u00e9t\u00e9 Nationale d&rsquo;Horticulture de France (SNHF)<\/a>.<\/p>\n<h3>Site internet<\/h3>\n<p><a href=\"http:\/\/www.lapetiteloiterie.fr\/lpl\/suivis_etudes\/observations\/ornitho\/\"><img decoding=\"async\" class=\"alignleft size-medium wp-image-2148\" src=\"http:\/\/www.lapetiteloiterie.fr\/lpl\/wp-content\/uploads\/SuiviOrnitho.png\" alt=\"\" width=\"80\" \/><\/a>Une nouvelle rubrique est en ligne\u00a0: <strong><a href=\"http:\/\/www.lapetiteloiterie.fr\/lpl\/suivis_etudes\/observations\/ornitho\/\">Suivi ornithologique<\/a><\/strong>.<br \/>Elle pr\u00e9sente les inventaires ornithologiques qui ont \u00e9t\u00e9 men\u00e9s depuis 1996 \u00e0 la Petite Loiterie d\u00e9but mai, tous les 3 ou 4 ans, par <strong>Michel Fouquet<\/strong>, ornithologue professionnel et ami de longue date.<br \/>Le but initial de ces inventaires \u00e9tait de constater l\u2019\u00e9volution de la population des oiseaux potentiellement nicheurs en fonction du changement de milieu important qui allait s\u2019op\u00e9rer au fil des ans \u00e0 l\u2019arboretum : de milieu tr\u00e8s ouvert (champs cultiv\u00e9s non bord\u00e9s de haies) en 1990, il a connu la cr\u00e9ation d\u2019un \u00e9tang (1993) et de mares (2001), la plantation de haies (de 1993 \u00e0 1995), puis la plantation de jeunes arbres \u00e0 compter de 1995 et d\u2019arbustes \u00e0 compter de 2000, v\u00e9g\u00e9taux ligneux qui ont grandi et ont occup\u00e9 l\u2019espace tant en hauteur qu\u2019en largeur. Cette approche nous a amen\u00e9s \u00e0 regrouper les oiseaux selon leur milieu de pr\u00e9dilection.<\/p>\n<p><a href=\"http:\/\/www.lapetiteloiterie.fr\/lpl\/presentation\/principe-plantation\/differents-secteurs\/\"><img decoding=\"async\" class=\"alignleft size-medium wp-image-2148\" src=\"http:\/\/www.lapetiteloiterie.fr\/lpl\/wp-content\/uploads\/PageSecteurs-181x240.png\" alt=\"\" width=\"80\" srcset=\"https:\/\/www.lapetiteloiterie.fr\/lpl\/wp-content\/uploads\/PageSecteurs-181x240.png 181w, https:\/\/www.lapetiteloiterie.fr\/lpl\/wp-content\/uploads\/PageSecteurs.png 621w\" sizes=\"(max-width: 181px) 100vw, 181px\" \/><\/a>Une nouvelle page est en ligne\u00a0: <strong><a href=\"http:\/\/www.lapetiteloiterie.fr\/lpl\/presentation\/principe-plantation\/differents-secteurs\/\">Les diff\u00e9rents secteurs de l&rsquo;arboretum<\/a><\/strong>.<br \/>Elle pr\u00e9sente un plan interactif qui permet de visualiser l&rsquo;organisation des espaces de plantation.<\/p>\n<h2>Les prochaines formations<img loading=\"lazy\" decoding=\"async\" class=\"alignnone size-full wp-image-647\" title=\"En pleine action...\" src=\"http:\/\/www.lapetiteloiterie.fr\/lpl\/wp-content\/uploads\/DSC05447.jpg\" srcset=\"http:\/\/www.lapetiteloiterie.fr\/lpl\/wp-content\/uploads\/DSC05447-320x80.jpg 320w, http:\/\/www.lapetiteloiterie.fr\/lpl\/wp-content\/uploads\/DSC05447-624x156.jpg 624w, http:\/\/www.lapetiteloiterie.fr\/lpl\/wp-content\/uploads\/DSC05447.jpg 1024w\" alt=\"DSC05447\" width=\"1024\" height=\"256\" data-sizes=\"(max-width: 1024px) 100vw, 1024px\" \/><\/h2>\n<ul class=\"cal\">\n<li><span>du 8 au 10 avril 2026\u00a0: <\/span><a href=\"https:\/\/www.lapetiteloiterie.fr\/lpl\/art\/taille-arbres-architecture\/\">architecture et taille de formation des arbres d\u2019ornement<\/a><\/li>\n<li><span>les 9 et 10 juin 2026\u00a0: <\/span><a href=\"https:\/\/www.lapetiteloiterie.fr\/lpl\/art\/arbres-changement-climatique\/\">les arbres face au changement climatique<\/a><\/li>\n<li><span>les 17 et 18 novembre 2026\u00a0: <\/span><a href=\"http:\/\/www.lapetiteloiterie.fr\/lpl\/art\/taille-raisonnee-arbustes\/\">la taille raisonn\u00e9e des arbustes d\u2019ornement<\/a><\/li>\n<\/ul>\n<h2>\u00c0 consulter<\/h2>\n<h3>Vid\u00e9os \u00ab\u00a0Reportage\u00a0\u00bb<\/h3>\n<h4>Reportage pour \u00ab\u00a0Ensemble C&rsquo;est Mieux\u00a0\u00bb, \u00e9mission de France 3 Centre Val de Loire<\/h4>\n<div style=\"width: 45%; float: left;\">\n<div data-mode=\"normal\" data-oembed=\"1\" data-provider=\"youtube\" id=\"arve-youtube-gsukkxcli58\" class=\"arve\">\n\t<div class=\"arve-inner\">\n\t\t<div style=\"aspect-ratio:625\/352\" class=\"arve-embed arve-embed--has-aspect-ratio\">\n\t\t\t<div class=\"arve-ar\" style=\"padding-top:56.320000%\"><\/div>\n\t\t\t<iframe allow=\"accelerometer &#039;none&#039;;autoplay &#039;none&#039;;bluetooth &#039;none&#039;;browsing-topics &#039;none&#039;;camera &#039;none&#039;;clipboard-read &#039;none&#039;;clipboard-write;display-capture &#039;none&#039;;encrypted-media &#039;none&#039;;gamepad &#039;none&#039;;geolocation &#039;none&#039;;gyroscope &#039;none&#039;;hid &#039;none&#039;;identity-credentials-get &#039;none&#039;;idle-detection &#039;none&#039;;keyboard-map &#039;none&#039;;local-fonts;magnetometer &#039;none&#039;;microphone &#039;none&#039;;midi &#039;none&#039;;otp-credentials &#039;none&#039;;payment &#039;none&#039;;picture-in-picture;publickey-credentials-create &#039;none&#039;;publickey-credentials-get &#039;none&#039;;screen-wake-lock &#039;none&#039;;serial &#039;none&#039;;summarizer &#039;none&#039;;sync-xhr;usb &#039;none&#039;;web-share;window-management &#039;none&#039;;xr-spatial-tracking &#039;none&#039;;\" allowfullscreen=\"\" class=\"arve-iframe fitvidsignore\" credentialless data-arve=\"arve-youtube-gsukkxcli58\" data-lenis-prevent=\"\" data-src-no-ap=\"https:\/\/www.youtube.com\/embed\/gsUkkXClI58?feature=oembed&amp;iv_load_policy=3&amp;modestbranding=1&amp;rel=0&amp;autohide=1&amp;playsinline=0&amp;rel=0&amp;showinfo=0&amp;widget_referrer=http%3A%2F%2Fwww.lapetiteloiterie.fr%2Flpl%2F&amp;autoplay=0\" frameborder=\"0\" height=\"0\" loading=\"lazy\" name=\"\" referrerpolicy=\"strict-origin-when-cross-origin\" sandbox=\"allow-scripts allow-same-origin allow-presentation allow-popups allow-popups-to-escape-sandbox\" scrolling=\"no\" src=\"https:\/\/www.youtube.com\/embed\/gsUkkXClI58?feature=oembed&#038;iv_load_policy=3&#038;modestbranding=1&#038;rel=0&#038;autohide=1&#038;playsinline=0&#038;rel=0&#038;showinfo=0&#038;widget_referrer=http%3A%2F%2Fwww.lapetiteloiterie.fr%2Flpl%2F&#038;autoplay=0\" title=\"\" width=\"0\"><\/iframe>\n\t\t\t\n\t\t<\/div>\n\t\t\n\t<\/div>\n\t\n\t\n\t<script type=\"application\/ld+json\">{\"@context\":\"http:\\\/\\\/schema.org\\\/\",\"@id\":\"https:\\\/\\\/www.lapetiteloiterie.fr\\\/lpl\\\/#arve-youtube-gsukkxcli58\",\"type\":\"VideoObject\",\"embedURL\":\"https:\\\/\\\/www.youtube.com\\\/embed\\\/gsUkkXClI58?feature=oembed&iv_load_policy=3&modestbranding=1&rel=0&autohide=1&playsinline=0&amp;rel=0&amp;showinfo=0&amp;widget_referrer=http%3A%2F%2Fwww.lapetiteloiterie.fr%2Flpl%2F&autoplay=0\",\"thumbnailUrl\":\"https:\\\/\\\/www.lapetiteloiterie.fr\\\/lpl\\\/wp-content\\\/uploads\\\/VueDrone.png\"}<\/script>\n\t\n<\/div><\/div>\n<div style=\"width: 49%; float: left; margin-left: 3%;\">\n<p>L&rsquo;Arboretum de la Petite Loiterie a re\u00e7u Elo\u00efse Bruzat et son \u00e9quipe, dans le cadre d&rsquo;un reportage pour l&rsquo;\u00e9mission \u00ab\u00a0Ensemble C&rsquo;est Mieux\u00a0\u00bb, diffus\u00e9e le 1er octobre 2019 sur France 3 &#8211; Centre-Val de Loire.<br \/>Avec la participation de Jac Boutaud et Annie Imbaud (cr\u00e9ateurs de l&rsquo;arboretum), Jean-Pierre Prime (architecte paysagiste) et G\u00e9rard Dum\u00e9 (ing\u00e9nieur agronome).<br \/><em>Le site de l&rsquo;\u00e9mission\u00a0: <a href=\"https:\/\/france3-regions.francetvinfo.fr\/centre-val-de-loire\/emissions\/9h50-matin-centre-val-loire\" target=\"_blank\" rel=\"noopener noreferrer\">Ensemble c&rsquo;est mieux<\/a><\/em><br \/><em>Dur\u00e9e\u00a0: 17:58<br \/>(n&rsquo;h\u00e9sitez pas \u00e0 monter la qualit\u00e9 vid\u00e9o \u00e0 l&rsquo;aide de la roue dent\u00e9e&#8230; et \u00e0 passer en plein \u00e9cran.)<\/em><\/p>\n<\/div>\n<p><!--\n\n\n\n\n\n\n\n\n\n\n\n\n\n\n\n\n\n\n\n\n\n\n\n\n\n\n\n\n\n\n\n\n\n\n\n\n\n\n\n\n\n\n\n\n\n\n\n\n\n\n\n\n\n\n\n\n\n\n\n\n\n\n\n\n\n\n\n\n\n\n\n<h4>Reportage&nbsp;: \u00ab&nbsp;L'arboretum, lieu d'exception&nbsp;\u00bb<\/h4>\n\n\n\n\n\n\n\n\n\n\n\n\n\n\n\n\n\n\n\n\n\n\n\n\n\n\n\n\n\n\n\n\n\n\n\n\n\n\n\n\n\n\n\n\n\n\n\n\n\n\n\n\n\n\n\n\n\n\n\n\n\n\n\n\n\n\n\n\n\n\n\n\n\n\n\n\n\n\n\n\n\n\n\n\n\n\n\n\n\n\n\n\n\n\n\n\n\n\n\n\n\n\n\n\n\n\n\n\n\n\n\n\n\n\n\n\n\n\n\n\n\n\n\n\n\n\n\n\n\n\n\n\n\n\n\n\n\n\n\n\n\n\n\n\n<div style=\"width: 45%; float: left;\"><iframe loading=\"lazy\" src=\"https:\/\/www.dailymotion.com\/embed\/video\/x7au514?autoplay=false&amp;queue-enable=false&amp;quality=720&amp;start=0\" allowfullscreen=\"allowfullscreen\" width=\"544\" height=\"306\" frameborder=\"0\"><\/iframe><\/div>\n\n\n\n\n\n\n\n\n\n\n\n\n\n\n\n\n\n\n\n\n\n\n\n\n\n\n\n\n\n\n\n\n\n\n\n\n\n\n\n\n\n\n\n\n\n\n\n\n\n\n\n\n\n\n\n\n\n\n\n\n\n\n\n\n\n\n\n\n\n\n\n\n\n\n\n\n\n\n\n\n\n\n\n\n\n\n\n\n\n\n\n\n\n\n\n\n\n\n\n\n\n\n\n\n\n\n\n\n\n\n\n\n\n\n\n\n\n\n\n\n\n\n\n\n\n\n\n\n\n\n\n\n\n\n\n\n\n\n\n\n\n\n\n\n<div style=\"width: 49%; float: left; margin-left: 3%;\">\n\n\n\n\n\n\n\n\n\n\n\n\n\n\n\n\n\n\n\n\n\n\n\n\n\n\n\n\n\n\n\n\n\n\n\n\n\n\n\n\n\n\n\n\n\n\n\n\n\n\n\n\n\n\n\n\n\n\n\n\n\n\n\n\n\n\n\n\n\n\n\n\n<p>R\u00e9alis\u00e9 par TV-Tours pour l'\u00e9dition 2019 de Rendez-vous aux jardins<br \/><em>Dur\u00e9e&nbsp;: 02:24<br \/>(n'h\u00e9sitez pas \u00e0 monter la qualit\u00e9 vid\u00e9o \u00e0 l'aide de la roue dent\u00e9e... et \u00e0 passer en plein \u00e9cran.)<\/em><\/p>\n\n\n\n\n\n\n\n\n\n\n\n\n\n\n\n\n\n\n\n\n\n\n\n\n\n\n\n\n\n\n\n\n\n\n\n\n\n\n\n\n\n\n\n\n\n\n\n\n\n\n\n\n\n\n\n\n\n\n\n\n\n\n\n\n\n\n\n\n\n\n\n\n<\/div>\n\n\n\n\n\n\n\n\n\n\n\n\n\n\n\n\n\n\n\n\n\n\n\n\n\n\n\n\n\n\n\n\n\n\n\n\n\n\n\n\n\n\n\n\n\n\n\n\n\n\n\n\n\n\n\n\n\n\n\n\n\n\n\n\n\n\n\n\n\n\n\n--><\/p>\n<h4>Un survol de l&rsquo;arboretum au chant du rossignol<\/h4>\n<div style=\"width: 45%; float: left;\">\n<div data-mode=\"normal\" data-oembed=\"1\" data-provider=\"youtube\" id=\"arve-youtube-3domxjf9lem\" class=\"arve\">\n\t<div class=\"arve-inner\">\n\t\t<div style=\"aspect-ratio:625\/352\" class=\"arve-embed arve-embed--has-aspect-ratio\">\n\t\t\t<div class=\"arve-ar\" style=\"padding-top:56.320000%\"><\/div>\n\t\t\t<iframe allow=\"accelerometer &#039;none&#039;;autoplay &#039;none&#039;;bluetooth &#039;none&#039;;browsing-topics &#039;none&#039;;camera &#039;none&#039;;clipboard-read &#039;none&#039;;clipboard-write;display-capture &#039;none&#039;;encrypted-media &#039;none&#039;;gamepad &#039;none&#039;;geolocation &#039;none&#039;;gyroscope &#039;none&#039;;hid &#039;none&#039;;identity-credentials-get &#039;none&#039;;idle-detection &#039;none&#039;;keyboard-map &#039;none&#039;;local-fonts;magnetometer &#039;none&#039;;microphone &#039;none&#039;;midi &#039;none&#039;;otp-credentials &#039;none&#039;;payment &#039;none&#039;;picture-in-picture;publickey-credentials-create &#039;none&#039;;publickey-credentials-get &#039;none&#039;;screen-wake-lock &#039;none&#039;;serial &#039;none&#039;;summarizer &#039;none&#039;;sync-xhr;usb &#039;none&#039;;web-share;window-management &#039;none&#039;;xr-spatial-tracking &#039;none&#039;;\" allowfullscreen=\"\" class=\"arve-iframe fitvidsignore\" credentialless data-arve=\"arve-youtube-3domxjf9lem\" data-lenis-prevent=\"\" data-src-no-ap=\"https:\/\/www.youtube.com\/embed\/3DomXjf9LeM?feature=oembed&amp;iv_load_policy=3&amp;modestbranding=1&amp;rel=0&amp;autohide=1&amp;playsinline=0&amp;rel=0&amp;showinfo=0&amp;widget_referrer=http%3A%2F%2Fwww.lapetiteloiterie.fr%2Flpl%2F&amp;autoplay=0\" frameborder=\"0\" height=\"0\" loading=\"lazy\" name=\"\" referrerpolicy=\"strict-origin-when-cross-origin\" sandbox=\"allow-scripts allow-same-origin allow-presentation allow-popups allow-popups-to-escape-sandbox\" scrolling=\"no\" src=\"https:\/\/www.youtube.com\/embed\/3DomXjf9LeM?feature=oembed&#038;iv_load_policy=3&#038;modestbranding=1&#038;rel=0&#038;autohide=1&#038;playsinline=0&#038;rel=0&#038;showinfo=0&#038;widget_referrer=http%3A%2F%2Fwww.lapetiteloiterie.fr%2Flpl%2F&#038;autoplay=0\" title=\"\" width=\"0\"><\/iframe>\n\t\t\t\n\t\t<\/div>\n\t\t\n\t<\/div>\n\t\n\t\n\t<script type=\"application\/ld+json\">{\"@context\":\"http:\\\/\\\/schema.org\\\/\",\"@id\":\"https:\\\/\\\/www.lapetiteloiterie.fr\\\/lpl\\\/#arve-youtube-3domxjf9lem\",\"type\":\"VideoObject\",\"embedURL\":\"https:\\\/\\\/www.youtube.com\\\/embed\\\/3DomXjf9LeM?feature=oembed&iv_load_policy=3&modestbranding=1&rel=0&autohide=1&playsinline=0&amp;rel=0&amp;showinfo=0&amp;widget_referrer=http%3A%2F%2Fwww.lapetiteloiterie.fr%2Flpl%2F&autoplay=0\"}<\/script>\n\t\n<\/div><\/div>\n<div style=\"width: 49%; float: left; margin-left: 3%;\">\n<p><em>Tournage\u00a0: avril 2018.<br \/>Dur\u00e9e\u00a0: 01:54<br \/>(n&rsquo;h\u00e9sitez pas \u00e0 monter la qualit\u00e9 vid\u00e9o \u00e0 l&rsquo;aide de la roue dent\u00e9e&#8230; et \u00e0 passer en plein \u00e9cran.)<\/em><\/p>\n<\/div>\n<h4>Reportage \u00e0 La Petite Loiterie<\/h4>\n<div style=\"width: 45%; float: left;\"><iframe loading=\"lazy\" src=\"\/\/embedftv-a.akamaihd.net\/8c9b4a386f0ca3a52090b62c4a4986dd\" width=\"560\" height=\"315\" frameborder=\"0\" scrolling=\"no\" allowfullscreen=\"allowfullscreen\"><\/iframe><\/div>\n<div style=\"width: 49%; float: left; margin-left: 3%;\">\n<p>R\u00e9alis\u00e9 par France 3 Centre (<a href=\"https:\/\/france3-regions.franceinfo.fr\/centre-val-de-loire\/touraine\/indre-loire\/arboretum-petite-loiterie-touraine-notre-serie-paysages-1011877.html\" target=\"_blank\" rel=\"noopener noreferrer\">s\u00e9rie Paysages<\/a>)<br \/><em>Publi\u00e9 le 11 mai 2016.<br \/>Dur\u00e9e\u00a0: 04:21<br \/>(n&rsquo;h\u00e9sitez pas \u00e0 passer en plein \u00e9cran!)<\/em><\/p>\n<\/div>\n<h3>Vid\u00e9os p\u00e9dagogiques<\/h3>\n<p>Par ces <a title=\"Vid\u00e9os r\u00e9alis\u00e9es par le CAUE 77\" href=\"http:\/\/www.lapetiteloiterie.fr\/lpl\/publications_collaborations\/videos_caue77\/\">vid\u00e9os<\/a>, dont le <a title=\"Site du CAUE 77\" href=\"https:\/\/www.caue77.fr\/\" target=\"_blank\" rel=\"noopener noreferrer\">CAUE 77<\/a> a assur\u00e9 la r\u00e9alisation, Jac Boutaud pr\u00e9sente un certain nombre de techniques et de conseils, en particulier pour la taille des arbres.<br \/><ul class=\"lcp_catlist\" id=\"lcp_instance_0\"><li><a href=\"https:\/\/www.lapetiteloiterie.fr\/lpl\/art\/formes-libre-semi-libre-cepee\/\">Les arbres en formes libre, semi-libre et c\u00e9p\u00e9e<\/a><a href=\"https:\/\/www.lapetiteloiterie.fr\/lpl\/art\/formes-libre-semi-libre-cepee\/\" title=\"Les arbres en formes libre, semi-libre et c\u00e9p\u00e9e\"><img loading=\"lazy\" decoding=\"async\" width=\"320\" height=\"240\" src=\"https:\/\/www.lapetiteloiterie.fr\/lpl\/wp-content\/uploads\/320x240-Vhu-320x240.jpg\" class=\"lcp_thumbnail wp-post-image\" alt=\"Les arbres en formes libre, semi-libre et c\u00e9p\u00e9e\" srcset=\"https:\/\/www.lapetiteloiterie.fr\/lpl\/wp-content\/uploads\/320x240-Vhu.jpg 320w, https:\/\/www.lapetiteloiterie.fr\/lpl\/wp-content\/uploads\/320x240-Vhu-160x120.jpg 160w\" sizes=\"auto, (max-width: 320px) 100vw, 320px\" title=\"Formes libre, semi libre et c\u00e9p\u00e9e\" \/><\/a><div class=\"lcp_excerpt\">Quelles formes peut-on donner aux arbres ?\n<\/div><\/li><li><a href=\"https:\/\/www.lapetiteloiterie.fr\/lpl\/art\/utilisation-scie\/\">L&rsquo;utilisation de la scie<\/a><a href=\"https:\/\/www.lapetiteloiterie.fr\/lpl\/art\/utilisation-scie\/\" title=\"L&#039;utilisation de la scie\"><img loading=\"lazy\" decoding=\"async\" width=\"320\" height=\"240\" src=\"https:\/\/www.lapetiteloiterie.fr\/lpl\/wp-content\/uploads\/320x240-djc-320x240.jpg\" class=\"lcp_thumbnail wp-post-image\" alt=\"L&#039;utilisation de la scie\" srcset=\"https:\/\/www.lapetiteloiterie.fr\/lpl\/wp-content\/uploads\/320x240-djc.jpg 320w, https:\/\/www.lapetiteloiterie.fr\/lpl\/wp-content\/uploads\/320x240-djc-160x120.jpg 160w\" sizes=\"auto, (max-width: 320px) 100vw, 320px\" title=\"Utilisation d&#039;une scie\" \/><\/a><div class=\"lcp_excerpt\">Quels sont les diff\u00e9rents types de scie et comment les utiliser ?\n<\/div><\/li><li><a href=\"https:\/\/www.lapetiteloiterie.fr\/lpl\/art\/taille-tire-seve\/\">La taille sur tire s\u00e8ve<\/a><a href=\"https:\/\/www.lapetiteloiterie.fr\/lpl\/art\/taille-tire-seve\/\" title=\"La taille sur tire s\u00e8ve\"><img loading=\"lazy\" decoding=\"async\" width=\"320\" height=\"240\" src=\"https:\/\/www.lapetiteloiterie.fr\/lpl\/wp-content\/uploads\/320x240-UGZ-320x240.jpg\" class=\"lcp_thumbnail wp-post-image\" alt=\"La taille sur tire s\u00e8ve\" srcset=\"https:\/\/www.lapetiteloiterie.fr\/lpl\/wp-content\/uploads\/320x240-UGZ.jpg 320w, https:\/\/www.lapetiteloiterie.fr\/lpl\/wp-content\/uploads\/320x240-UGZ-160x120.jpg 160w\" sizes=\"auto, (max-width: 320px) 100vw, 320px\" title=\"Taille sur tire s\u00e8ve\" \/><\/a><div class=\"lcp_excerpt\">Comment r\u00e9duire la dimension d&rsquo;une branche ?\n<\/div><\/li><\/ul>\n<h3>Fiches sur les arbres de petit d\u00e9veloppement<\/h3>\n<p>Il s&rsquo;agit d&rsquo;un ensemble de 133 fiches, n\u00e9es de la collaboration entre le <a title=\"Site du CAUE 77\" href=\"https:\/\/www.caue77.fr\/\" target=\"_blank\" rel=\"noopener noreferrer\">CAUE 77<\/a> et Jac Boutaud, pr\u00e9sentant les arbres adapt\u00e9s aux petits jardins (moins de 10 m de haut).<br \/><a title=\"Les arbres de petit d\u00e9veloppement\" href=\"http:\/\/www.lapetiteloiterie.fr\/lpl\/publications_collaborations\/petits_arbres\/\">Consulter la liste des fiches<\/a>.<\/p>","protected":false},"excerpt":{"rendered":"<p>Vous pouvez d\u00e8s \u00e0 pr\u00e9sent suivre la pr\u00e9sentation de l&rsquo;arboretum.Vous pouvez \u00e9galement prendre connaissance des activit\u00e9s qui s&rsquo;y d\u00e9roulent, en d\u00e9couvrir les acteurs &#8230; ou encore consulter les pages consacr\u00e9es aux suivis et \u00e9tudes qui y sont men\u00e9s.Cette visite vous donnera, nous l&rsquo;esp\u00e9rons, envie d&rsquo;une visite non plus virtuelle, mais bien r\u00e9elle \u00ab\u00a0in situ\u00a0\u00bb, c&rsquo;est [&hellip;]<\/p>\n","protected":false},"author":1,"featured_media":0,"parent":0,"menu_order":0,"comment_status":"closed","ping_status":"closed","template":"page-templates\/front-page.php","meta":{"footnotes":""},"class_list":["post-2","page","type-page","status-publish","hentry"],"_links":{"self":[{"href":"https:\/\/www.lapetiteloiterie.fr\/lpl\/wp-json\/wp\/v2\/pages\/2","targetHints":{"allow":["GET"]}}],"collection":[{"href":"https:\/\/www.lapetiteloiterie.fr\/lpl\/wp-json\/wp\/v2\/pages"}],"about":[{"href":"https:\/\/www.lapetiteloiterie.fr\/lpl\/wp-json\/wp\/v2\/types\/page"}],"author":[{"embeddable":true,"href":"https:\/\/www.lapetiteloiterie.fr\/lpl\/wp-json\/wp\/v2\/users\/1"}],"replies":[{"embeddable":true,"href":"https:\/\/www.lapetiteloiterie.fr\/lpl\/wp-json\/wp\/v2\/comments?post=2"}],"version-history":[{"count":408,"href":"https:\/\/www.lapetiteloiterie.fr\/lpl\/wp-json\/wp\/v2\/pages\/2\/revisions"}],"predecessor-version":[{"id":3690,"href":"https:\/\/www.lapetiteloiterie.fr\/lpl\/wp-json\/wp\/v2\/pages\/2\/revisions\/3690"}],"wp:attachment":[{"href":"https:\/\/www.lapetiteloiterie.fr\/lpl\/wp-json\/wp\/v2\/media?parent=2"}],"curies":[{"name":"wp","href":"https:\/\/api.w.org\/{rel}","templated":true}]}}