{"id":205,"date":"2015-03-26T09:45:09","date_gmt":"2015-03-26T08:45:09","guid":{"rendered":"http:\/\/www.lapetiteloiterie.fr\/lpl\/etudes\/observations\/phenologie\/"},"modified":"2015-04-28T23:44:34","modified_gmt":"2015-04-28T21:44:34","slug":"phenologie","status":"publish","type":"page","link":"https:\/\/www.lapetiteloiterie.fr\/lpl\/suivis_etudes\/observations\/phenologie\/","title":{"rendered":"Ph\u00e9nologie"},"content":{"rendered":"<p><strong>La ph\u00e9nologie est l&rsquo;\u00e9tude de l&rsquo;influence des conditions climatiques sur les ph\u00e9nom\u00e8nes p\u00e9riodiques de la vie v\u00e9g\u00e9tale.<\/strong><br \/>\nLes observations ph\u00e9nologiques peuvent porter sur divers ph\u00e9nom\u00e8nes, et consistent \u00e0 en relever la date de d\u00e9but et la dur\u00e9e&nbsp;:<\/p>\n<ul>\n<li>d\u00e9bourrement,<\/li>\n<li>floraison,<\/li>\n<li>croissance,<\/li>\n<li>fructification,<\/li>\n<li>maturation des fruits,<\/li>\n<li>chute des feuilles&#8230;<\/li>\n<\/ul>\n<p>Dans le cadre de l&rsquo;arboretum, l&rsquo;objectif est d&rsquo;utiliser ces relev\u00e9s pour comparer les essences entre elles, au fil des ann\u00e9es, en particulier pour les \u00e9v\u00e8nements d\u00e9coratifs importants (floraison, fructification).<\/p>\n<p>Comme l&rsquo;arboretum pr\u00e9sentera, lorsque les plantations d&rsquo;arbustes seront termin\u00e9es, l&rsquo;ensemble de la palette v\u00e9g\u00e9tale ligneuse, nous serons en mesure d&rsquo;\u00e9tablir, pour la r\u00e9gion ouest, un calendrier comparatif tr\u00e8s utile pour la conception des parcs et jardins.<\/p>\n<p>Ce calendrier permettra par exemple&nbsp;:<\/p>\n<ul>\n<li>de faciliter le choix de telle ou telle vari\u00e9t\u00e9 en fonction de la p\u00e9riode souhait\u00e9e de floraison,<\/li>\n<li>de s\u00e9lectionner un ensemble de taxons, en s&rsquo;assurant d&rsquo;avoir tout au long de l&rsquo;ann\u00e9e des plantes d\u00e9coratives.<\/li>\n<\/ul>\n<p>Ces donn\u00e9es existent d\u00e9j\u00e0 plus ou moins, mais elles ne sont pas issues d&rsquo;observations en un m\u00eame lieu, et avec l&rsquo;ensemble de la palette v\u00e9g\u00e9tale actuelle.<\/p>\n<p>Jusqu&rsquo;\u00e0 pr\u00e9sent, sur l&rsquo;arboretum, les donn\u00e9es ph\u00e9nologiques ont \u00e9t\u00e9 consign\u00e9es ponctuellement, mais ces observations vont \u00eatre rationalis\u00e9es et syst\u00e9matis\u00e9es d\u00e8s que l&rsquo;ensemble des arbustes sera en place.<\/p>\n","protected":false},"excerpt":{"rendered":"<p>La ph\u00e9nologie est l&rsquo;\u00e9tude de l&rsquo;influence des conditions climatiques sur les ph\u00e9nom\u00e8nes p\u00e9riodiques de la vie v\u00e9g\u00e9tale. Les observations ph\u00e9nologiques peuvent porter sur divers ph\u00e9nom\u00e8nes, et consistent \u00e0 en relever la date de d\u00e9but et la dur\u00e9e&nbsp;: d\u00e9bourrement, floraison, croissance, fructification, maturation des fruits, chute des feuilles&#8230; Dans le cadre de l&rsquo;arboretum, l&rsquo;objectif est d&rsquo;utiliser [&hellip;]<\/p>\n","protected":false},"author":1,"featured_media":718,"parent":89,"menu_order":2,"comment_status":"closed","ping_status":"closed","template":"","meta":{"footnotes":""},"class_list":["post-205","page","type-page","status-publish","has-post-thumbnail","hentry"],"_links":{"self":[{"href":"https:\/\/www.lapetiteloiterie.fr\/lpl\/wp-json\/wp\/v2\/pages\/205","targetHints":{"allow":["GET"]}}],"collection":[{"href":"https:\/\/www.lapetiteloiterie.fr\/lpl\/wp-json\/wp\/v2\/pages"}],"about":[{"href":"https:\/\/www.lapetiteloiterie.fr\/lpl\/wp-json\/wp\/v2\/types\/page"}],"author":[{"embeddable":true,"href":"https:\/\/www.lapetiteloiterie.fr\/lpl\/wp-json\/wp\/v2\/users\/1"}],"replies":[{"embeddable":true,"href":"https:\/\/www.lapetiteloiterie.fr\/lpl\/wp-json\/wp\/v2\/comments?post=205"}],"version-history":[{"count":7,"href":"https:\/\/www.lapetiteloiterie.fr\/lpl\/wp-json\/wp\/v2\/pages\/205\/revisions"}],"predecessor-version":[{"id":1591,"href":"https:\/\/www.lapetiteloiterie.fr\/lpl\/wp-json\/wp\/v2\/pages\/205\/revisions\/1591"}],"up":[{"embeddable":true,"href":"https:\/\/www.lapetiteloiterie.fr\/lpl\/wp-json\/wp\/v2\/pages\/89"}],"wp:featuredmedia":[{"embeddable":true,"href":"https:\/\/www.lapetiteloiterie.fr\/lpl\/wp-json\/wp\/v2\/media\/718"}],"wp:attachment":[{"href":"https:\/\/www.lapetiteloiterie.fr\/lpl\/wp-json\/wp\/v2\/media?parent=205"}],"curies":[{"name":"wp","href":"https:\/\/api.w.org\/{rel}","templated":true}]}}