{"id":230,"date":"2015-03-26T09:45:09","date_gmt":"2015-03-26T08:45:09","guid":{"rendered":"http:\/\/www.lapetiteloiterie.fr\/lpl\/presentation-2\/geographie\/"},"modified":"2015-04-09T23:18:53","modified_gmt":"2015-04-09T21:18:53","slug":"geographie","status":"publish","type":"page","link":"https:\/\/www.lapetiteloiterie.fr\/lpl\/presentation\/geographie\/","title":{"rendered":"Quelques donn\u00e9es g\u00e9ographiques"},"content":{"rendered":"<h2>Situation<\/h2>\n<p>L&rsquo;arboretum de La Petite Loiterie est situ\u00e9 au Sentier, sur la commune de Monthodon, \u00e0 l&rsquo;extr\u00eame nord de l&rsquo;Indre-et-Loire (voir <a href=\"http:\/\/www.lapetiteloiterie.fr\/lpl\/acces\/\" title=\"Acc\u00e8s\">plan d&rsquo;acc\u00e8s<\/a>). Il est \u00e0 mi-chemin entre Tours et Vend\u00f4me (\u00e0 30km de chaque), entre les vall\u00e9es de la Loire et du Loir.<\/p>\n<p>La Touraine, \u00ab\u00a0jardin de la France\u00a0\u00bb, jouit d\u2019une tr\u00e8s bonne r\u00e9putation quant \u00e0 la douceur de vivre, fond\u00e9e sur un climat temp\u00e9r\u00e9 agr\u00e9able, la beaut\u00e9 de la Loire et de ses affluents, les ch\u00e2teaux et bien s\u00fbr les parcs qui les accompagnent.<\/p>\n<p>L&rsquo;arboretum s&rsquo;inscrit donc dans un contexte d\u00e9j\u00e0 tr\u00e8s riche de parcs et de jardins historiques.<\/p>\n<h2>Sol<\/h2>\n<p>Si le socle profond est calcaire, comme \u00e0 peu pr\u00e8s partout dans la r\u00e9gion, le sol est compos\u00e9 de limons sur argile \u00e0 silex.<\/p>\n<p>Il porte le nom local de \u00ab\u00a0bournais franc\u00a0\u00bb.<\/p>\n<p>L\u2019\u00e9paisseur de limon varie sur la parcelle de 30 cm \u00e0 plus de 1 m\u00e8tre. Le sol est plut\u00f4t l\u00e9g\u00e8rement acide, avec un Ph moyen de 5,5 \u00e0 6.<\/p>\n<p>La tendance \u00e0 l&rsquo;hydromorphie temporaire a \u00e9t\u00e9 modifi\u00e9e en 2001 par un drainage de type agricole, afin de limiter l&rsquo;asphyxie racinaire les ann\u00e9es tr\u00e8s humides.<\/p>\n<h2>Climat<\/h2>\n<p>Selon la carte bioclimatique simplifi\u00e9e de la France, \u00e9tablie par le Laboratoire d\u2019Ecologie de l\u2019Ecole Nationale Sup\u00e9rieure du Paysage de Versailles, l\u2019Indre-et-Loire b\u00e9n\u00e9ficie d\u2019un climat semi-oc\u00e9anique, \u00e0 hiver tr\u00e8s frais et \u00e9t\u00e9 chaud \u00e0 frais (zone 4).<\/p>\n<p>L&rsquo;arboretum b\u00e9n\u00e9ficie de ces conditions, avec une petite sensibilit\u00e9 au vent du fait de la l\u00e9g\u00e8re d\u00e9clivit\u00e9 du terrain \u00e0 l\u2019ouest.<\/p>\n<p>Des haies plant\u00e9es en p\u00e9riph\u00e9rie permettent d\u2019amoindrir cette sensibilit\u00e9.<\/p>\n","protected":false},"excerpt":{"rendered":"<p>Situation L&rsquo;arboretum de La Petite Loiterie est situ\u00e9 au Sentier, sur la commune de Monthodon, \u00e0 l&rsquo;extr\u00eame nord de l&rsquo;Indre-et-Loire (voir plan d&rsquo;acc\u00e8s). Il est \u00e0 mi-chemin entre Tours et Vend\u00f4me (\u00e0 30km de chaque), entre les vall\u00e9es de la Loire et du Loir. La Touraine, \u00ab\u00a0jardin de la France\u00a0\u00bb, jouit d\u2019une tr\u00e8s bonne r\u00e9putation [&hellip;]<\/p>\n","protected":false},"author":1,"featured_media":661,"parent":27,"menu_order":4,"comment_status":"closed","ping_status":"closed","template":"","meta":{"footnotes":""},"class_list":["post-230","page","type-page","status-publish","has-post-thumbnail","hentry"],"_links":{"self":[{"href":"https:\/\/www.lapetiteloiterie.fr\/lpl\/wp-json\/wp\/v2\/pages\/230","targetHints":{"allow":["GET"]}}],"collection":[{"href":"https:\/\/www.lapetiteloiterie.fr\/lpl\/wp-json\/wp\/v2\/pages"}],"about":[{"href":"https:\/\/www.lapetiteloiterie.fr\/lpl\/wp-json\/wp\/v2\/types\/page"}],"author":[{"embeddable":true,"href":"https:\/\/www.lapetiteloiterie.fr\/lpl\/wp-json\/wp\/v2\/users\/1"}],"replies":[{"embeddable":true,"href":"https:\/\/www.lapetiteloiterie.fr\/lpl\/wp-json\/wp\/v2\/comments?post=230"}],"version-history":[{"count":5,"href":"https:\/\/www.lapetiteloiterie.fr\/lpl\/wp-json\/wp\/v2\/pages\/230\/revisions"}],"predecessor-version":[{"id":847,"href":"https:\/\/www.lapetiteloiterie.fr\/lpl\/wp-json\/wp\/v2\/pages\/230\/revisions\/847"}],"up":[{"embeddable":true,"href":"https:\/\/www.lapetiteloiterie.fr\/lpl\/wp-json\/wp\/v2\/pages\/27"}],"wp:featuredmedia":[{"embeddable":true,"href":"https:\/\/www.lapetiteloiterie.fr\/lpl\/wp-json\/wp\/v2\/media\/661"}],"wp:attachment":[{"href":"https:\/\/www.lapetiteloiterie.fr\/lpl\/wp-json\/wp\/v2\/media?parent=230"}],"curies":[{"name":"wp","href":"https:\/\/api.w.org\/{rel}","templated":true}]}}