{"id":2748,"date":"2021-09-21T22:09:38","date_gmt":"2021-09-21T20:09:38","guid":{"rendered":"https:\/\/www.lapetiteloiterie.fr\/lpl\/?page_id=2748"},"modified":"2021-09-30T10:41:35","modified_gmt":"2021-09-30T08:41:35","slug":"animation-mycologie","status":"publish","type":"page","link":"https:\/\/www.lapetiteloiterie.fr\/lpl\/actualites\/animation-mycologie\/","title":{"rendered":"Animation \u00ab Initiation \u00e0 la mycologie \u00bb"},"content":{"rendered":"<h2>Introduction<\/h2>\n<p>Nous avons confi\u00e9 \u00e0 Cyril Bangerter, expert mycologue suisse, la r\u00e9alisation d&rsquo;un inventaire des champignons pr\u00e9sents \u00e0 l&rsquo;arboretum. Cet inventaire, toujours en cours, sera publi\u00e9 sur notre site internet.<br \/>\nLes nombreuses observations d\u00e9j\u00e0 r\u00e9alis\u00e9es \u00e0 l&rsquo;occasion des recherches et la grande richesse vari\u00e9tale nous ont donn\u00e9 envie de partager ces connaissances et de mettre en place ce cycle d&rsquo;initiation, anim\u00e9 par Cyril.<\/p>\n<h2>En pratique<\/h2>\n<p>L&rsquo;animation se d\u00e9roule sur trois jours, les samedis <strong>23 octobre, 6 novembre et 20 novembre 2021<\/strong>.<br \/>\nElle a lieu \u00e0 l&rsquo;arboretum, \u00e0 chaque fois sur la journ\u00e9e enti\u00e8re <strong> de 9h30 \u00e0 16h30<\/strong>, avec un pique-nique \u00ab&nbsp;sorti du panier&nbsp;\u00bb, pris \u00e0 l&rsquo;abri.<br \/>\n<strong>L&rsquo;inscription est obligatoire, via notre page <a href=\"https:\/\/www.lapetiteloiterie.fr\/lpl\/contacts\/\">Contacts<\/a><\/strong>.<br \/>\nIl s&rsquo;agit d&rsquo;un <strong>programme sur trois journ\u00e9es<\/strong>, et non pas d&rsquo;une r\u00e9p\u00e9tition trois fois du m\u00eame programme&nbsp;: nous privil\u00e9gions donc les inscriptions pour le cycle complet.<br \/>\nLe tarif de chaque journ\u00e9e d&rsquo;animation est de <strong>25\u20ac par personne<\/strong>.<br \/>\nPour les personnes ayant effectu\u00e9 les deux premi\u00e8res journ\u00e9es, la troisi\u00e8me est \u00e0 10\u20ac, soit un montant global de <strong>60\u20ac pour le cycle complet<\/strong>.<br \/>\n<em>Tarif r\u00e9duit pour \u00e9tudiants, demandeurs d&#8217;emploi, b\u00e9n\u00e9ficiaires des minima sociaux (20\u20ac la journ\u00e9e, et 7,50\u20ac la troisi\u00e8me).<\/em><\/p>\n<p>Comme indiqu\u00e9 sur notre page d&rsquo;accueil, en application de la loi n\u00b0 2021-1040 du 5 ao\u00fbt 2021 relative \u00e0 la gestion de la crise sanitaire, l\u2019acc\u00e8s aux activit\u00e9s de l\u2019arboretum est possible uniquement sur pr\u00e9sentation d\u2019un \u00ab&nbsp;<strong>passe sanitaire<\/strong>&nbsp;\u00bb, ceci pour toute personne de 12 ans et plus.<\/p>\n<p>Il vous faut pr\u00e9voir&nbsp;: <strong>des bottes<\/strong> ou chaussures \u00e9tanches, des <strong>v\u00eatements chauds<\/strong>, un <strong>imperm\u00e9able<\/strong>, un <strong>pique nique<\/strong>.<br \/>\nNous vous accueillons <strong>\u00e0 compter de 9h00<\/strong> autour d&rsquo;un caf\u00e9, th\u00e9, tisane ou jus de pommes, accompagn\u00e9 de confitures \u00ab&nbsp;maison&nbsp;\u00bb&#8230;<\/p>\n<p>Nota bene&nbsp;: il ne s&rsquo;agit pas d&rsquo;une animation destin\u00e9e aux enfants&nbsp;!<\/p>\n<h2>Programme de l&rsquo;animation<\/h2>\n<p>Chaque journ\u00e9e est articul\u00e9e, en fonction de la m\u00e9t\u00e9o, autour de modules en salle (th\u00e9orie, \u00e9tude d&rsquo;\u00e9chantillons) et de modules d&rsquo;observations <i>in situ<\/i>.<br \/>\nLa deuxi\u00e8me et la troisi\u00e8me journ\u00e9e (du fait du d\u00e9lai entre deux s\u00e9ances) commencent par un rappel des notions \u00e9tudi\u00e9es, puis permettent d&rsquo;approfondir les connaissances acquises pr\u00e9c\u00e9demment avant d&rsquo;en acqu\u00e9rir de nouvelles.<\/p>\n<p>Voici la liste des notions abord\u00e9es pendant le cycle complet&nbsp;:<\/p>\n<h3>Anatomie des champignons<\/h3>\n<p>Couleurs, odeurs, go\u00fbts, spores, lames, tubes, hym\u00e9nium, hyphes, myc\u00e9lium sont la partie visible de l&rsquo;iceberg de ce premier volet.<br \/>\nEsp\u00e8ces, genres et familles sont \u00e9galement in\u00e9vitables pour pouvoir progresser sans prise de t\u00eate.<\/p>\n<h3>Cueillir les champignons sans peur<\/h3>\n<p>Quelques <strong>fausses affirmations<\/strong>&nbsp;:<\/p>\n<ul>\n<li>les esp\u00e8ces bleuissantes sont toutes toxiques<\/li>\n<li>les toxiques sont contagieux<\/li>\n<li>les limaces ne mangent que des comestibles<\/li>\n<li>les applications sur smartphone sont g\u00e9niales<\/li>\n<\/ul>\n<p>Ce module est avant tout une d\u00e9couverte sur le terrain. Les observations ont lieu dans l&rsquo;arboretum ou dans les environs.<\/p>\n<h3>Toxicologie<\/h3>\n<p>Syndromes et sympt\u00f4mes.<br \/>\nLors des ann\u00e9es pluvieuses, les intoxications peuvent atteindre plus de mille cas par an en France, souvent sans cons\u00e9quences graves.<br \/>\nL&rsquo;amanite phallo\u00efde est responsable des 90% d&rsquo;intoxications mortelles annuelles.<br \/>\nLes soixante toxiques (mortels inclus) \u00e0 conna\u00eetre.<br \/>\nPour le mycologue confirm\u00e9, le risque r\u00e9side dans les sosies.<br \/>\nComment minimiser les risques d&rsquo;intoxications.<\/p>\n<h3>Autres notions<\/h3>\n<p>Culture&nbsp;: kits, blanc de champignons, mycorhize, etc.<br \/>\n&#8230; et les truffes&nbsp;!!!<br \/>\nEthnomycologie<\/p>\n","protected":false},"excerpt":{"rendered":"<p>Introduction Nous avons confi\u00e9 \u00e0 Cyril Bangerter, expert mycologue suisse, la r\u00e9alisation d&rsquo;un inventaire des champignons pr\u00e9sents \u00e0 l&rsquo;arboretum. Cet inventaire, toujours en cours, sera publi\u00e9 sur notre site internet. Les nombreuses observations d\u00e9j\u00e0 r\u00e9alis\u00e9es \u00e0 l&rsquo;occasion des recherches et la grande richesse vari\u00e9tale nous ont donn\u00e9 envie de partager ces connaissances et de mettre [&hellip;]<\/p>\n","protected":false},"author":1,"featured_media":759,"parent":2521,"menu_order":1,"comment_status":"closed","ping_status":"closed","template":"","meta":{"footnotes":""},"class_list":["post-2748","page","type-page","status-publish","has-post-thumbnail","hentry"],"_links":{"self":[{"href":"https:\/\/www.lapetiteloiterie.fr\/lpl\/wp-json\/wp\/v2\/pages\/2748","targetHints":{"allow":["GET"]}}],"collection":[{"href":"https:\/\/www.lapetiteloiterie.fr\/lpl\/wp-json\/wp\/v2\/pages"}],"about":[{"href":"https:\/\/www.lapetiteloiterie.fr\/lpl\/wp-json\/wp\/v2\/types\/page"}],"author":[{"embeddable":true,"href":"https:\/\/www.lapetiteloiterie.fr\/lpl\/wp-json\/wp\/v2\/users\/1"}],"replies":[{"embeddable":true,"href":"https:\/\/www.lapetiteloiterie.fr\/lpl\/wp-json\/wp\/v2\/comments?post=2748"}],"version-history":[{"count":11,"href":"https:\/\/www.lapetiteloiterie.fr\/lpl\/wp-json\/wp\/v2\/pages\/2748\/revisions"}],"predecessor-version":[{"id":2768,"href":"https:\/\/www.lapetiteloiterie.fr\/lpl\/wp-json\/wp\/v2\/pages\/2748\/revisions\/2768"}],"up":[{"embeddable":true,"href":"https:\/\/www.lapetiteloiterie.fr\/lpl\/wp-json\/wp\/v2\/pages\/2521"}],"wp:featuredmedia":[{"embeddable":true,"href":"https:\/\/www.lapetiteloiterie.fr\/lpl\/wp-json\/wp\/v2\/media\/759"}],"wp:attachment":[{"href":"https:\/\/www.lapetiteloiterie.fr\/lpl\/wp-json\/wp\/v2\/media?parent=2748"}],"curies":[{"name":"wp","href":"https:\/\/api.w.org\/{rel}","templated":true}]}}