{"id":37,"date":"2013-10-23T19:38:54","date_gmt":"2013-10-23T17:38:54","guid":{"rendered":"http:\/\/lapetiteloiterie.fr\/lpl\/?page_id=37"},"modified":"2025-08-28T20:23:00","modified_gmt":"2025-08-28T18:23:00","slug":"liens","status":"publish","type":"page","link":"https:\/\/www.lapetiteloiterie.fr\/lpl\/liens\/","title":{"rendered":"Liens utiles"},"content":{"rendered":"<p><!--<em><strong>en cours de compl\u00e9ments...<\/strong>--><\/p>\n<p>Il ne s&rsquo;agit ici en aucun cas d&rsquo;\u00eatre exhaustifs, mais bien de citer quelques sites internet qui nous semblent pouvoir \u00eatre utiles aux visiteurs de l&rsquo;arboretum et aux amateurs d&rsquo;arbres&#8230;<\/p>\n<p>Chacun de ces liens ouvre une nouvelle fen\u00eatre ou onglet.<\/p>\n<h2>Arboretums, parcs et jardins<\/h2>\n<ul>\n<li><a href=\"http:\/\/www.arboretumdesbarres.fr\" target=\"_blank\" rel=\"noopener noreferrer\">Arboretum des Barres<\/a><\/li>\n<li><a href=\"http:\/\/www.arboretum-balaine.com\/\" target=\"_blank\" rel=\"noopener noreferrer\">Arboretum de Balaine<\/a><\/li>\n<li><a href=\"https:\/\/www.mnhn.fr\/fr\/arboretum-versailles-chevreloup\" target=\"_blank\" rel=\"noopener noreferrer\">Arboretum de Ch\u00e8vreloup<\/a><\/li>\n<li><a href=\"http:\/\/www.arboretumdelafosse.com\/\" target=\"_blank\" rel=\"noopener noreferrer\">Arboretum de La Fosse<\/a><\/li>\n<li><a href=\"http:\/\/arboretumveigne.hautetfort.com\/\" target=\"_blank\" rel=\"noopener noreferrer\">Arboretum de la Martini\u00e8re<\/a><\/li>\n<li><a href=\"https:\/\/www.facebook.com\/cooperativearbresdumondeenarree\/?locale=fr_FR\" target=\"_blank\" rel=\"noopener noreferrer\">Les arbres du monde au Huelgoat<\/a><\/li>\n<li><a href=\"https:\/\/www.tours.fr\/equipement\/jardin-botanique-de-la-ville-et-de-luniversite-de-tours\/\" target=\"_blank\" rel=\"noopener noreferrer\">Jardin botanique de Tours<\/a><\/li>\n<li><a href=\"https:\/\/www.tours.fr\/equipement\/jardin-des-prebendes-doe\/\" target=\"_blank\" rel=\"noopener noreferrer\">Jardin des Pr\u00e9bendes d&rsquo;O\u00eb<\/a><\/li>\n<li><a href=\"http:\/\/www.chateaudevalmer.com\" target=\"_blank\" rel=\"noopener noreferrer\">Parc et Jardins du Ch\u00e2teau de Valmer<\/a><\/li>\n<\/ul>\n<h2>Soci\u00e9t\u00e9s savantes, associations<\/h2>\n<ul>\n<li><a href=\"http:\/\/www.sfa-asso.fr\/\" target=\"_blank\" rel=\"noopener noreferrer\">Soci\u00e9t\u00e9 Fran\u00e7aise d\u2019Arboriculture (SFA)<\/a><\/li>\n<li><a href=\"http:\/\/www.sepant.fr\/\" target=\"_blank\" rel=\"noopener noreferrer\">Soci\u00e9t\u00e9 d&rsquo;Etude, de Protection et d&rsquo;Am\u00e9nagement de la Nature en Touraine (SEPANT)<\/a><\/li>\n<li><a href=\"http:\/\/www.jardins-de-france.com\/index.php\" target=\"_blank\" rel=\"noopener noreferrer\">Parcs et Jardins en R\u00e9gion Centre (APJRC)<\/a><\/li>\n<li><a href=\"http:\/\/www.arbusticulteurs.com\" target=\"_blank\" rel=\"noopener noreferrer\">Les Arbusticulteurs<\/a><\/li>\n<li><a href=\"http:\/\/www.fne-centrevaldeloire.org\/\" target=\"_blank\" rel=\"noopener noreferrer\">France Nature Environnement Centre-Val de Loire (anciennement Nature Centre)<\/a><\/li>\n<li><a href=\"http:\/\/jbf-pf.org\/\" target=\"_blank\" rel=\"noopener noreferrer\">Jardins Botaniques de France (JBF)<\/a><\/li>\n<li><a href=\"https:\/\/www.associationdesparcsbotaniquesdefrance.fr\/\" target=\"_blank\" rel=\"noopener noreferrer\">Association des Parcs Botaniques de France (APBF)<\/a><\/li>\n<li><a href=\"http:\/\/www.fondationdefrance.org\" target=\"_blank\" rel=\"noopener noreferrer\">Fondation de France<\/a><\/li>\n<li><a href=\"http:\/\/www.cen-centrevaldeloire.org\/\" target=\"_blank\" rel=\"noopener noreferrer\">Conservatoire d\u2019espaces naturels Centre \u2013 Val de Loire<\/a><\/li>\n<li><a href=\"http:\/\/shot37.fr\/\" target=\"_blank\" rel=\"noopener noreferrer\">Soci\u00e9t\u00e9 d&rsquo;Horticulture de Touraine<\/a><\/li>\n<li><a href=\"https:\/\/www.delagraineauxcopeaux.com\/\" target=\"_blank\" rel=\"noopener noreferrer\">Association De La Graine Aux Copeaux<\/a><\/li>\n<\/ul>\n<h2>Organismes ou structures publics<\/h2>\n<ul>\n<li><a href=\"https:\/\/www.centre-valdeloire.fr\/\" target=\"_blank\" rel=\"noopener noreferrer\">Conseil R\u00e9gional du Centre-Val de Loire<\/a><\/li>\n<li><a href=\"https:\/\/www.touraine.fr\/\" target=\"_blank\" rel=\"noopener noreferrer\">Conseil G\u00e9n\u00e9ral d&rsquo;Indre-et-Loire<\/a><\/li>\n<li><a title=\"Site du CAUE 37\" href=\"http:\/\/www.caue37.fr\" target=\"_blank\" rel=\"noopener noreferrer\">Conseil Architecture Urbanisme Environnement d&rsquo;Indre-et-Loire (CAUE\u00a037)<\/a><\/li>\n<li><a title=\"Site du CAUE 77\" href=\"https:\/\/www.caue77.fr\/\" target=\"_blank\" rel=\"noopener noreferrer\">Conseil Architecture Urbanisme Environnement de Seine-et-Marne (CAUE\u00a077)<\/a><\/li>\n<li><a href=\"http:\/\/www.paysloiretouraine.fr\" target=\"_blank\" rel=\"noopener noreferrer\">Pays Loire-Touraine<\/a><\/li>\n<\/ul>\n<h2>Organismes de formation<\/h2>\n<ul>\n<li><a href=\"http:\/\/www.ecoledubreuil.fr\/\" target=\"_blank\" rel=\"noopener noreferrer\">\u00c9cole d&rsquo;horticulture du Breuil<\/a><\/li>\n<li><a href=\"https:\/\/www.tours-fondettes-agrocampus.fr\/\" target=\"_blank\" rel=\"noopener noreferrer\">CFPPA de Tours Fondettes<\/a><\/li>\n<li><a href=\"https:\/\/campus-snm.fr\" target=\"_blank\" rel=\"noopener noreferrer\">Le Gros Ch\u00eane &#8211; EPLEFPA de Pontivy<\/a><\/li>\n<li><a href=\"http:\/\/www.lyceenature.com\/le-cfppa-adultes.html\" target=\"_blank\" rel=\"noopener noreferrer\">Lyc\u00e9e Nature de La Roche sur Yon<\/a><\/li>\n<\/ul>\n<h2>Professionnels<\/h2>\n<ul>\n<li><a href=\"http:\/\/www.cleome.fr\" target=\"_blank\" rel=\"noopener noreferrer\">cl\u00e9Ome<\/a><\/li>\n<\/ul>\n<h2>Librairies<\/h2>\n<ul>\n<li><a href=\"http:\/\/www.lireaujardin.com\" target=\"_blank\" rel=\"noopener noreferrer\">Lire au jardin<\/a><\/li>\n<\/ul>\n<h2>Chambres d&rsquo;h\u00f4tes, g\u00eetes, h\u00f4tels, restaurants \u00e0 proximit\u00e9<\/h2>\n<ul>\n<li><a href=\"http:\/\/www.le-sentier.eu\/\" target=\"_blank\" rel=\"noopener noreferrer\">C\u00f4t\u00e9 Louis, c\u00f4t\u00e9 Ren\u00e9e<\/a> au Sentier<\/li>\n<li><a href=\"http:\/\/www.lamarechalerie.fr\/\" target=\"_blank\" rel=\"noopener noreferrer\">La Mar\u00e9chalerie<\/a> au Sentier<\/li>\n<li><a href=\"https:\/\/www.tours-hotel-colbert.fr\/\" target=\"_blank\" rel=\"noopener noreferrer\">H\u00f4tel Colbert<\/a> \u00e0 Tours<\/li>\n<li>Site de la <a href=\"https:\/\/www.tourisme-castelrenaudais.fr\/\" target=\"_blank\" rel=\"noopener noreferrer\">Maison du tourisme du Castelrenaudais<\/a> (onglet \u00ab\u00a0Se loger\u00a0\u00bb ou \u00ab\u00a0Savourer\u00a0\u00bb)<\/li>\n<\/ul>\n<p><\/em><\/p>\n","protected":false},"excerpt":{"rendered":"<p>Il ne s&rsquo;agit ici en aucun cas d&rsquo;\u00eatre exhaustifs, mais bien de citer quelques sites internet qui nous semblent pouvoir \u00eatre utiles aux visiteurs de l&rsquo;arboretum et aux amateurs d&rsquo;arbres&#8230; Chacun de ces liens ouvre une nouvelle fen\u00eatre ou onglet. Arboretums, parcs et jardins Arboretum des Barres Arboretum de Balaine Arboretum de Ch\u00e8vreloup Arboretum de [&hellip;]<\/p>\n","protected":false},"author":1,"featured_media":791,"parent":0,"menu_order":7,"comment_status":"closed","ping_status":"closed","template":"","meta":{"footnotes":""},"class_list":["post-37","page","type-page","status-publish","has-post-thumbnail","hentry"],"_links":{"self":[{"href":"https:\/\/www.lapetiteloiterie.fr\/lpl\/wp-json\/wp\/v2\/pages\/37","targetHints":{"allow":["GET"]}}],"collection":[{"href":"https:\/\/www.lapetiteloiterie.fr\/lpl\/wp-json\/wp\/v2\/pages"}],"about":[{"href":"https:\/\/www.lapetiteloiterie.fr\/lpl\/wp-json\/wp\/v2\/types\/page"}],"author":[{"embeddable":true,"href":"https:\/\/www.lapetiteloiterie.fr\/lpl\/wp-json\/wp\/v2\/users\/1"}],"replies":[{"embeddable":true,"href":"https:\/\/www.lapetiteloiterie.fr\/lpl\/wp-json\/wp\/v2\/comments?post=37"}],"version-history":[{"count":46,"href":"https:\/\/www.lapetiteloiterie.fr\/lpl\/wp-json\/wp\/v2\/pages\/37\/revisions"}],"predecessor-version":[{"id":3395,"href":"https:\/\/www.lapetiteloiterie.fr\/lpl\/wp-json\/wp\/v2\/pages\/37\/revisions\/3395"}],"wp:featuredmedia":[{"embeddable":true,"href":"https:\/\/www.lapetiteloiterie.fr\/lpl\/wp-json\/wp\/v2\/media\/791"}],"wp:attachment":[{"href":"https:\/\/www.lapetiteloiterie.fr\/lpl\/wp-json\/wp\/v2\/media?parent=37"}],"curies":[{"name":"wp","href":"https:\/\/api.w.org\/{rel}","templated":true}]}}